{"id":12638,"date":"2020-03-26T13:30:36","date_gmt":"2020-03-26T10:30:36","guid":{"rendered":"https:\/\/naturalhairturkey.com\/?page_id=12638"},"modified":"2025-05-10T03:38:32","modified_gmt":"2025-05-10T00:38:32","slug":"kol-germe","status":"publish","type":"page","link":"https:\/\/naturalhairturkey.com\/tr\/kol-germe\/","title":{"rendered":"Kol Germe"},"content":{"rendered":"<section class=\"wpb-content-wrapper\"><p>[vc_row full_width=&#8221;stretch_row&#8221; css=&#8221;.vc_custom_1563864306373{padding-bottom: 115px !important;}&#8221; el_id=&#8221;about&#8221;][vc_column width=&#8221;1\/2&#8243; css=&#8221;.vc_custom_1565031431125{padding-top: 0px !important;}&#8221;][vc_single_image image=&#8221;2376&#8243; img_size=&#8221;full&#8221; alignment=&#8221;center&#8221;][ct_heading text=&#8221;Kol Germe Operasyonu&#8221; align_lg=&#8221;align-center&#8221; align_md=&#8221;align-center-md&#8221; align_sm=&#8221;align-center-sm&#8221; align_xs=&#8221;align-center-xs&#8221; font_size_sm=&#8221;24&#8243; font_size_xs=&#8221;24&#8243; font_weight=&#8221;&#8221; subtitle_color=&#8221;#00ece9&#8243; description_font_weight=&#8221;inherit&#8221; margin_bottom=&#8221;0&#8243;][vc_column_text css=&#8221;.vc_custom_1585216795234{margin-top: 25px !important;margin-bottom: 0px !important;}&#8221; el_class=&#8221;text-block&#8221;]Kiloda de\u011fi\u015fiklik, ya\u015f alma ve genetik fakt\u00f6rler sebebiyle koldaki deri ciddi oranda sarkabilir. Maalesef ki bu sorun egzersizle ortadan kald\u0131r\u0131lamaz. Koldaki sarkman\u0131n ortadan kald\u0131r\u0131lmas\u0131 ancak etkili bir \u00e7\u00f6z\u00fcm olan kol germe operasyonu m\u00fcmk\u00fcnd\u00fcr.<\/p>\n<p>Kol germe operasyonu kolun \u00fcst ve arka taraf\u0131n\u0131 yeniden \u015fekillendirmek amac\u0131yla ger\u00e7ekle\u015ftirilen cerrahi bir prosed\u00fcrd\u00fcr. \u0130\u015flem s\u0131ras\u0131nda koldaki a\u015f\u0131r\u0131 ya\u011f ve doku \u00e7\u0131kar\u0131larak kolun daha ince ve v\u00fccut ile orant\u0131l\u0131 g\u00f6r\u00fcnmesi sa\u011flan\u0131r.<\/p>\n<p>H\u0131zl\u0131 bir \u015fekilde kilo alma\/verme durumunda cilt elastikiyetini kaybeder. Elastikiyet kayb\u0131 cilt dokusunda sarkmaya neden olur. Esneklik kayb\u0131na ba\u011fl\u0131 olarak geli\u015fen bu sarkma durumu kollarda, uyluklarda ve kar\u0131nda g\u00f6r\u00fclebilir.[\/vc_column_text][\/vc_column][vc_column width=&#8221;1\/2&#8243; ct_column_class=&#8221;rm-padding-lg&#8221; css=&#8221;.vc_custom_1565031425536{padding-top: 9px !important;padding-left: 83px !important;}&#8221;][ct_space space_lg=&#8221;0&#8243; space_md=&#8221;0&#8243; space_sm=&#8221;0&#8243; space_xs=&#8221;61&#8243;][ct_video_player cms_template=&#8221;ct_video_player&#8211;layout4.php&#8221; video_link=&#8221;url:https%3A%2F%2Fwww.youtube.com%2Fwatch%3Fv%3DGN1HVCivPCw|||&#8221; l4_intro1=&#8221;2374&#8243; l4_intro2=&#8221;2375&#8243; l4_box_icon=&#8221;2101&#8243; l4_box_text=&#8221;BestAwarded&#8221; animation=&#8221;fadeInUp&#8221;][\/vc_column][\/vc_row][vc_row full_width=&#8221;stretch_row&#8221; css=&#8221;.vc_custom_1565031543755{padding-top: 53px !important;padding-bottom: 53px !important;background-image: url(http:\/\/naturalhairturkey.com\/wp-content\/uploads\/2019\/07\/back-3.jpg?id=2203) !important;background-position: center !important;background-repeat: no-repeat !important;background-size: cover !important;}&#8221;][vc_column width=&#8221;7\/12&#8243; ct_column_class=&#8221;rm-padding-md&#8221; css=&#8221;.vc_custom_1565031479508{padding-top: 0px !important;padding-right: 20px !important;}&#8221;][vc_single_image image=&#8221;2377&#8243; img_size=&#8221;full&#8221; css=&#8221;.vc_custom_1565942612072{margin-bottom: 0px !important;}&#8221;][\/vc_column][vc_column width=&#8221;5\/12&#8243; ct_column_class=&#8221;rm-padding-md&#8221; css=&#8221;.vc_custom_1565031473700{padding-top: 0px !important;padding-left: 60px !important;}&#8221;][ct_space space_lg=&#8221;27&#8243; space_md=&#8221;27&#8243; space_sm=&#8221;0&#8243; space_xs=&#8221;30&#8243;][ct_heading text=&#8221;Kol germe i\u015flemi hangi durumlarda yap\u0131labilir?&#8221; font_size=&#8221;26&#8243; font_size_md=&#8221;26&#8243; font_size_sm=&#8221;26&#8243; font_size_xs=&#8221;26&#8243; font_weight=&#8221;700&#8243; description_font_weight=&#8221;inherit&#8221; margin_bottom=&#8221;23&#8243;][vc_column_text css=&#8221;.vc_custom_1585216817260{margin-bottom: 33px !important;}&#8221;]Kol germe i\u015flemi temelde \u00f6zellikle kol alt\u0131nda a\u015f\u0131r\u0131 doku ve ya\u011f birikimi olmas\u0131 ve ki\u015finin de bu durumdan rahats\u0131zl\u0131k hissetmesi halinde yap\u0131l\u0131r.<\/p>\n<p>Son zamanlarda, ciddi oranda kilo kayb\u0131 ya\u015fand\u0131 ise bu prosed\u00fcr hasta i\u00e7in uygun olabilir. \u00d6yle ki kol germe, genellikle obezite ameliyat\u0131 ge\u00e7irmi\u015f ki\u015filerin tercih etti\u011fi bir operasyondur. Hastalar\u0131n muzdarip oldu\u011fu, kol b\u00f6lgesindeki fazla doku \u015fu sorunlara neden olabilir:<\/p>\n<ul>\n<li>D\u0131\u015f g\u00f6r\u00fcn\u00fc\u015ften memnun olmama; utanga\u00e7l\u0131k hali,<\/li>\n<li>K\u0131yafet se\u00e7iminde k\u0131s\u0131tlanma,<\/li>\n<li>\u00d6zg\u00fcven eksikli\u011fi,<\/li>\n<li>Kol b\u00f6lgesinin hijyenini sa\u011flayamama,<\/li>\n<li>Fazla ya\u011f ve doku h\u00fccresinden kaynakl\u0131 iltihap ve d\u00f6k\u00fcnt\u00fcler.<\/li>\n<\/ul>\n<p>[\/vc_column_text][\/vc_column][\/vc_row][vc_row el_id=&#8221;about&#8221; css=&#8221;.vc_custom_1559583170400{padding-top: 0px !important;}&#8221;][vc_column css=&#8221;.vc_custom_1566393599222{padding-top: 50px !important;}&#8221; offset=&#8221;vc_hidden-xs&#8221;][vc_empty_space height=&#8221;0&#8243; css=&#8221;.vc_custom_1559062200989{padding-top: 43px !important;}&#8221;][ct_tab][ct_tab_section icon_image=&#8221;2378&#8243; icon_image_hover=&#8221;2378&#8243; title=&#8221;Kol Germe Operasyonunun Riskleri&#8221;][vc_row_inner][vc_column_inner width=&#8221;1\/2&#8243; css=&#8221;.vc_custom_1559062970867{padding-top: 0px !important;}&#8221;][ct_space space_lg=&#8221;60&#8243; space_md=&#8221;60&#8243; space_sm=&#8221;60&#8243; space_xs=&#8221;0&#8243;][vc_single_image image=&#8221;2381&#8243; img_size=&#8221;full&#8221; alignment=&#8221;center&#8221; css_animation=&#8221;fadeInLeft&#8221; style=&#8221;shadow-style2&#8243;][\/vc_column_inner][vc_column_inner width=&#8221;1\/2&#8243; ct_column_inner_class=&#8221;rm-padding-lg&#8221; animation_column=&#8221;fadeInRight&#8221; css=&#8221;.vc_custom_1559062965524{padding-top: 0px !important;padding-right: 40px !important;}&#8221;][vc_column_text css_animation=&#8221;none&#8221; css=&#8221;.vc_custom_1585216843023{margin-top: 21px !important;margin-bottom: 30px !important;}&#8221;]Bu operasyon genel olarak g\u00fcvenli kabul edilir ancak t\u00fcm cerrahi operasyonlarda oldu\u011fu gibi baz\u0131 komplikasyon riskleri ta\u015f\u0131yabilir.<\/p>\n<p>Bu riskler hastan\u0131n ya\u015f\u0131yla, ka\u00e7 kilo kaybetti\u011fiyle ve sahip oldu\u011fu kronik rahats\u0131zl\u0131klarla ba\u011flant\u0131l\u0131d\u0131r. Bununla birlikte, nitelikli bir cerrah uygulad\u0131\u011f\u0131 operasyon ile riskleri en aza indirebilirken, tecr\u00fcbesiz bir cerrah da bu risklerin artmas\u0131na sebep olabilir. Ayn\u0131 durum kullan\u0131lan teknik i\u00e7in de ge\u00e7erlidir. Bu sebeple cerrah ve sa\u011fl\u0131k merkezi se\u00e7imi yaparken detayc\u0131 davranmak \u00f6nemlidir.<\/p>\n<p>Kol germe ile ba\u011flant\u0131l\u0131 riskler \u015f\u00f6yledir:<\/p>\n<ul>\n<li>Yaran\u0131n ge\u00e7 iyile\u015fmesi,<\/li>\n<li>A\u011fr\u0131,<\/li>\n<li>Enfeksiyon,<\/li>\n<li>Kanama,<\/li>\n<li>Lenfatik dokuda hasar,<\/li>\n<li>\u015ei\u015fme,<\/li>\n<li>Anestezi komplikasyonlar\u0131.<\/li>\n<\/ul>\n<p>Bu risklerin bir\u00e7o\u011fu i\u015flem sonras\u0131nda b\u00f6lgeye do\u011fru bir bak\u0131m uygulayarak ortadan kald\u0131r\u0131labilir. Bununla birlikte, ihtiya\u00e7 duyuldu\u011fu durumda i\u015flem tekrarlanabilir.[\/vc_column_text][\/vc_column_inner][\/vc_row_inner][\/ct_tab_section][ct_tab_section icon_image=&#8221;2379&#8243; icon_image_hover=&#8221;2379&#8243; title=&#8221;Kol Germe Operasyonunun Riskleri&#8221;][vc_row_inner][vc_column_inner width=&#8221;1\/2&#8243; css=&#8221;.vc_custom_1559062970867{padding-top: 0px !important;}&#8221;][ct_space space_lg=&#8221;60&#8243; space_md=&#8221;60&#8243; space_sm=&#8221;60&#8243; space_xs=&#8221;0&#8243;][vc_single_image image=&#8221;2382&#8243; img_size=&#8221;full&#8221; alignment=&#8221;center&#8221; css_animation=&#8221;fadeInLeft&#8221; style=&#8221;shadow-style2&#8243;][\/vc_column_inner][vc_column_inner width=&#8221;1\/2&#8243; ct_column_inner_class=&#8221;rm-padding-lg&#8221; animation_column=&#8221;fadeInRight&#8221; css=&#8221;.vc_custom_1559062965524{padding-top: 0px !important;padding-right: 40px !important;}&#8221;][vc_column_text css_animation=&#8221;none&#8221; css=&#8221;.vc_custom_1585217653535{margin-top: 21px !important;margin-bottom: 30px !important;}&#8221;]Bu operasyon genel olarak g\u00fcvenli kabul edilir ancak t\u00fcm cerrahi operasyonlarda oldu\u011fu gibi baz\u0131 komplikasyon riskleri ta\u015f\u0131yabilir.<\/p>\n<p>Bu riskler hastan\u0131n ya\u015f\u0131yla, ka\u00e7 kilo kaybetti\u011fiyle ve sahip oldu\u011fu kronik rahats\u0131zl\u0131klarla ba\u011flant\u0131l\u0131d\u0131r. Bununla birlikte, nitelikli bir cerrah uygulad\u0131\u011f\u0131 operasyon ile riskleri en aza indirebilirken, tecr\u00fcbesiz bir cerrah da bu risklerin artmas\u0131na sebep olabilir. Ayn\u0131 durum kullan\u0131lan teknik i\u00e7in de ge\u00e7erlidir. Bu sebeple cerrah ve sa\u011fl\u0131k merkezi se\u00e7imi yaparken detayc\u0131 davranmak \u00f6nemlidir.<\/p>\n<p>Kol germe ile ba\u011flant\u0131l\u0131 riskler \u015f\u00f6yledir:<\/p>\n<ul>\n<li>Yaran\u0131n ge\u00e7 iyile\u015fmesi,<\/li>\n<li>A\u011fr\u0131,<\/li>\n<li>Enfeksiyon,<\/li>\n<li>Kanama,<\/li>\n<li>Lenfatik dokuda hasar,<\/li>\n<li>\u015ei\u015fme,<\/li>\n<li>Anestezi komplikasyonlar\u0131.<\/li>\n<\/ul>\n<p>Bu risklerin bir\u00e7o\u011fu i\u015flem sonras\u0131nda b\u00f6lgeye do\u011fru bir bak\u0131m uygulayarak ortadan kald\u0131r\u0131labilir. Bununla birlikte, ihtiya\u00e7 duyuldu\u011fu durumda i\u015flem tekrarlanabilir.[\/vc_column_text][\/vc_column_inner][\/vc_row_inner][\/ct_tab_section][ct_tab_section icon_image=&#8221;2380&#8243; icon_image_hover=&#8221;2380&#8243; title=&#8221;Operasyon \u00f6ncesi&#8221;][vc_row_inner][vc_column_inner width=&#8221;1\/2&#8243; css=&#8221;.vc_custom_1559062970867{padding-top: 0px !important;}&#8221;][ct_space space_lg=&#8221;60&#8243; space_md=&#8221;60&#8243; space_sm=&#8221;60&#8243; space_xs=&#8221;0&#8243;][vc_single_image image=&#8221;2383&#8243; img_size=&#8221;full&#8221; alignment=&#8221;center&#8221; css_animation=&#8221;fadeInLeft&#8221; style=&#8221;shadow-style2&#8243;][\/vc_column_inner][vc_column_inner width=&#8221;1\/2&#8243; ct_column_inner_class=&#8221;rm-padding-lg&#8221; animation_column=&#8221;fadeInRight&#8221; css=&#8221;.vc_custom_1559062965524{padding-top: 0px !important;padding-right: 40px !important;}&#8221;][vc_column_text css_animation=&#8221;none&#8221; css=&#8221;.vc_custom_1585217688845{margin-top: 21px !important;margin-bottom: 30px !important;}&#8221;]Kol germe \u00f6ncesinde hasta, bu prosed\u00fcr\u00fcn kendisi i\u00e7in uygun olup olmad\u0131\u011f\u0131n\u0131 sorumlu cerrah ile konu\u015fmal\u0131d\u0131r. Ciddi t\u0131bbi problemlerin oldu\u011fu durumda, prosed\u00fcr\u00fc uygulama riskini almamak daha iyi olabilir. Bununla birlikte hastan\u0131n ger\u00e7ek\u00e7i beklentiler i\u00e7inde olmas\u0131 ve operasyondan sonra sa\u011fl\u0131kl\u0131 bir ya\u015fam tarz\u0131na ba\u011fl\u0131 kalmaya g\u00f6n\u00fcll\u00fc olmas\u0131 gerekir.<\/p>\n<p>Ayr\u0131ca, hastan\u0131n v\u00fccut a\u011f\u0131rl\u0131\u011f\u0131 sabitlenmedi\u011fi s\u00fcrece bu i\u015flem yap\u0131lmamal\u0131d\u0131r. Ameliyattan sonra kilo verildi\u011fi durumda, v\u00fccudun di\u011fer b\u00f6lgelerinde sarkma meydana gelebilir. Bunun tam tersi bi\u00e7imde i\u015fleminden sonra kilo \u00f6nemli \u00f6l\u00e7\u00fcde artarsa, bu, i\u015flem g\u00f6rm\u00fc\u015f deriyi gerece\u011finden geni\u015f yara izlerine neden olabilir.<\/p>\n<p>Bunlar\u0131n haricinde, hastan\u0131n i\u015flem i\u00e7in uygun oldu\u011funun teyit edilmesi i\u00e7in \u015fu testler yap\u0131labilir:<\/p>\n<ul>\n<li>Elektrokardiyografi,<\/li>\n<li>Akci\u011fer fonksiyonlar\u0131n\u0131 de\u011ferlendirmek i\u00e7in akci\u011fer fonksiyon testleri,<\/li>\n<li>Enfeksiyon, anemi ve b\u00f6brek fonksiyonlar\u0131n\u0131 kontrol etmek i\u00e7in temel kan testleri.<\/li>\n<\/ul>\n<p>Operasyon \u00f6ncesinde hastalar\u0131n dikkat etmesi gerekenler ise \u015f\u00f6yledir:<\/p>\n<ul>\n<li>\u0130\u015flemden en az birka\u00e7 hafta \u00f6nce sigaray\u0131 b\u0131rakmal\u0131d\u0131r. Sigara i\u00e7mek komplikasyon riskini \u00f6nemli \u00f6l\u00e7\u00fcde art\u0131r\u0131r ve iyile\u015fme s\u00fcrecini geciktirebilir.<\/li>\n<li>Ameliyattan \u00f6nce, kullan\u0131lan ila\u00e7larla ilgili doktor bilgilendirilmelidir.<\/li>\n<li>Aspirin gibi re\u00e7etesiz ve kan suland\u0131r\u0131c\u0131 ila\u00e7lar hakk\u0131nda bilgi al\u0131nmal\u0131d\u0131r.<\/li>\n<li>Ameliyattan \u00f6nceki g\u00fcn, gece yar\u0131s\u0131ndan sonra hi\u00e7bir \u015fey yenilmemeli veya i\u00e7ilmemeli.<\/li>\n<li>Kronik sa\u011fl\u0131k sorunlar\u0131 hakk\u0131nda doktor bilgilendirilmelidir.<\/li>\n<\/ul>\n<p>[\/vc_column_text][\/vc_column_inner][\/vc_row_inner][\/ct_tab_section][\/ct_tab][\/vc_column][\/vc_row][vc_row][vc_column offset=&#8221;vc_hidden-lg vc_hidden-md vc_hidden-sm&#8221;][vc_empty_space][vc_tta_tabs active_section=&#8221;1&#8243; style=&#8221;radio&#8221;][vc_tta_section i_icon_fontawesome=&#8221;fa fa-share&#8221; add_icon=&#8221;true&#8221; title=&#8221;Kol Germe Operasyonunun Riskleri&#8221; tab_id=&#8221;1565940193636-6544f4cd-a68f&#8221;][vc_column_text]Bu operasyon genel olarak g\u00fcvenli kabul edilir ancak t\u00fcm cerrahi operasyonlarda oldu\u011fu gibi baz\u0131 komplikasyon riskleri ta\u015f\u0131yabilir.<\/p>\n<p>Bu riskler hastan\u0131n ya\u015f\u0131yla, ka\u00e7 kilo kaybetti\u011fiyle ve sahip oldu\u011fu kronik rahats\u0131zl\u0131klarla ba\u011flant\u0131l\u0131d\u0131r. Bununla birlikte, nitelikli bir cerrah uygulad\u0131\u011f\u0131 operasyon ile riskleri en aza indirebilirken, tecr\u00fcbesiz bir cerrah da bu risklerin artmas\u0131na sebep olabilir. Ayn\u0131 durum kullan\u0131lan teknik i\u00e7in de ge\u00e7erlidir. Bu sebeple cerrah ve sa\u011fl\u0131k merkezi se\u00e7imi yaparken detayc\u0131 davranmak \u00f6nemlidir.<\/p>\n<p>Kol germe ile ba\u011flant\u0131l\u0131 riskler \u015f\u00f6yledir:<\/p>\n<ul>\n<li>Yaran\u0131n ge\u00e7 iyile\u015fmesi,<\/li>\n<li>A\u011fr\u0131,<\/li>\n<li>Enfeksiyon,<\/li>\n<li>Kanama,<\/li>\n<li>Lenfatik dokuda hasar,<\/li>\n<li>\u015ei\u015fme,<\/li>\n<li>Anestezi komplikasyonlar\u0131.<\/li>\n<\/ul>\n<p>Bu risklerin bir\u00e7o\u011fu i\u015flem sonras\u0131nda b\u00f6lgeye do\u011fru bir bak\u0131m uygulayarak ortadan kald\u0131r\u0131labilir. Bununla birlikte, ihtiya\u00e7 duyuldu\u011fu durumda i\u015flem tekrarlanabilir.[\/vc_column_text][\/vc_tta_section][vc_tta_section i_icon_fontawesome=&#8221;fa fa-star&#8221; add_icon=&#8221;true&#8221; title=&#8221;Kol Germe Operasyonunun Riskleri&#8221; tab_id=&#8221;1565940193685-1e78247a-a053&#8243;][vc_column_text]<\/p>\n<ul>\n<li>Bu operasyon genel olarak g\u00fcvenli kabul edilir ancak t\u00fcm cerrahi operasyonlarda oldu\u011fu gibi baz\u0131 komplikasyon riskleri ta\u015f\u0131yabilir.Bu riskler hastan\u0131n ya\u015f\u0131yla, ka\u00e7 kilo kaybetti\u011fiyle ve sahip oldu\u011fu kronik rahats\u0131zl\u0131klarla ba\u011flant\u0131l\u0131d\u0131r. Bununla birlikte, nitelikli bir cerrah uygulad\u0131\u011f\u0131 operasyon ile riskleri en aza indirebilirken, tecr\u00fcbesiz bir cerrah da bu risklerin artmas\u0131na sebep olabilir. Ayn\u0131 durum kullan\u0131lan teknik i\u00e7in de ge\u00e7erlidir. Bu sebeple cerrah ve sa\u011fl\u0131k merkezi se\u00e7imi yaparken detayc\u0131 davranmak \u00f6nemlidir.Kol germe ile ba\u011flant\u0131l\u0131 riskler \u015f\u00f6yledir:\n<ul>\n<li>Yaran\u0131n ge\u00e7 iyile\u015fmesi,<\/li>\n<li>A\u011fr\u0131,<\/li>\n<li>Enfeksiyon,<\/li>\n<li>Kanama,<\/li>\n<li>Lenfatik dokuda hasar,<\/li>\n<li>\u015ei\u015fme,<\/li>\n<li>Anestezi komplikasyonlar\u0131.<\/li>\n<\/ul>\n<p>Bu risklerin bir\u00e7o\u011fu i\u015flem sonras\u0131nda b\u00f6lgeye do\u011fru bir bak\u0131m uygulayarak ortadan kald\u0131r\u0131labilir. Bununla birlikte, ihtiya\u00e7 duyuldu\u011fu durumda i\u015flem tekrarlanabilir.<\/li>\n<\/ul>\n<p>[\/vc_column_text][\/vc_tta_section][vc_tta_section i_icon_fontawesome=&#8221;fa fa-info-circle&#8221; add_icon=&#8221;true&#8221; title=&#8221;Operasyon \u00f6ncesi&#8221; tab_id=&#8221;1566390646036-01228878-fbfe&#8221;][vc_column_text]Kol germe \u00f6ncesinde hasta, bu prosed\u00fcr\u00fcn kendisi i\u00e7in uygun olup olmad\u0131\u011f\u0131n\u0131 sorumlu cerrah ile konu\u015fmal\u0131d\u0131r. Ciddi t\u0131bbi problemlerin oldu\u011fu durumda, prosed\u00fcr\u00fc uygulama riskini almamak daha iyi olabilir. Bununla birlikte hastan\u0131n ger\u00e7ek\u00e7i beklentiler i\u00e7inde olmas\u0131 ve operasyondan sonra sa\u011fl\u0131kl\u0131 bir ya\u015fam tarz\u0131na ba\u011fl\u0131 kalmaya g\u00f6n\u00fcll\u00fc olmas\u0131 gerekir.<\/p>\n<p>Ayr\u0131ca, hastan\u0131n v\u00fccut a\u011f\u0131rl\u0131\u011f\u0131 sabitlenmedi\u011fi s\u00fcrece bu i\u015flem yap\u0131lmamal\u0131d\u0131r. Ameliyattan sonra kilo verildi\u011fi durumda, v\u00fccudun di\u011fer b\u00f6lgelerinde sarkma meydana gelebilir. Bunun tam tersi bi\u00e7imde i\u015fleminden sonra kilo \u00f6nemli \u00f6l\u00e7\u00fcde artarsa, bu, i\u015flem g\u00f6rm\u00fc\u015f deriyi gerece\u011finden geni\u015f yara izlerine neden olabilir.<\/p>\n<p>Bunlar\u0131n haricinde, hastan\u0131n i\u015flem i\u00e7in uygun oldu\u011funun teyit edilmesi i\u00e7in \u015fu testler yap\u0131labilir:<\/p>\n<ul>\n<li>Elektrokardiyografi,<\/li>\n<li>Akci\u011fer fonksiyonlar\u0131n\u0131 de\u011ferlendirmek i\u00e7in akci\u011fer fonksiyon testleri,<\/li>\n<li>Enfeksiyon, anemi ve b\u00f6brek fonksiyonlar\u0131n\u0131 kontrol etmek i\u00e7in temel kan testleri.<\/li>\n<\/ul>\n<p>Operasyon \u00f6ncesinde hastalar\u0131n dikkat etmesi gerekenler ise \u015f\u00f6yledir:<\/p>\n<ul>\n<li>\u0130\u015flemden en az birka\u00e7 hafta \u00f6nce sigaray\u0131 b\u0131rakmal\u0131d\u0131r. Sigara i\u00e7mek komplikasyon riskini \u00f6nemli \u00f6l\u00e7\u00fcde art\u0131r\u0131r ve iyile\u015fme s\u00fcrecini geciktirebilir.<\/li>\n<li>Ameliyattan \u00f6nce, kullan\u0131lan ila\u00e7larla ilgili doktor bilgilendirilmelidir.<\/li>\n<li>Aspirin gibi re\u00e7etesiz ve kan suland\u0131r\u0131c\u0131 ila\u00e7lar hakk\u0131nda bilgi al\u0131nmal\u0131d\u0131r.<\/li>\n<li>Ameliyattan \u00f6nceki g\u00fcn, gece yar\u0131s\u0131ndan sonra hi\u00e7bir \u015fey yenilmemeli veya i\u00e7ilmemeli.<\/li>\n<li>Kronik sa\u011fl\u0131k sorunlar\u0131 hakk\u0131nda doktor bilgilendirilmelidir.<\/li>\n<\/ul>\n<p>[\/vc_column_text][\/vc_tta_section][\/vc_tta_tabs][\/vc_column][\/vc_row][vc_row full_width=&#8221;stretch_row&#8221; bg_image_position=&#8221;bg-image-ps-center&#8221; css=&#8221;.vc_custom_1568276730055{background-image: url(https:\/\/naturalhairturkey.com\/wp-content\/uploads\/2019\/09\/section-map.png?id=5107) !important;background-position: 0 0 !important;background-repeat: no-repeat !important;}&#8221;][vc_column css=&#8221;.vc_custom_1560962332018{padding-top: 107px !important;padding-bottom: 115px !important;}&#8221;][vc_row_inner css=&#8221;.vc_custom_1560995054666{padding-bottom: 93px !important;}&#8221;][vc_column_inner width=&#8221;1\/6&#8243; css=&#8221;.vc_custom_1560962299175{padding-top: 0px !important;}&#8221;][\/vc_column_inner][vc_column_inner width=&#8221;2\/3&#8243; ct_column_inner_class=&#8221;rm-padding-lg&#8221; css=&#8221;.vc_custom_1560997058955{padding-top: 0px !important;padding-right: 70px !important;padding-left: 70px !important;}&#8221;][ct_heading text=&#8221;Hastalar\u0131m\u0131zdan gelen de\u011ferli yorumlar\u0131 sizinle payla\u015f\u0131yoruz.&#8221; align_lg=&#8221;align-center&#8221; align_md=&#8221;align-center-md&#8221; align_sm=&#8221;align-center-sm&#8221; align_xs=&#8221;align-center-xs&#8221; font_size_sm=&#8221;24&#8243; font_size_xs=&#8221;24&#8243; font_weight=&#8221;&#8221; subtitle=&#8221;Hastalar\u0131m\u0131z hakk\u0131m\u0131zda neler s\u00f6yl\u00fcyor?&#8221; subtitle_color=&#8221;#00ece9&#8243; description_font_weight=&#8221;inherit&#8221; margin_bottom=&#8221;0&#8243;][\/vc_column_inner][vc_column_inner width=&#8221;1\/6&#8243; css=&#8221;.vc_custom_1560962320360{padding-top: 0px !important;}&#8221;][\/vc_column_inner][\/vc_row_inner][ct_testimonial_carousel cms_template=&#8221;ct_testimonial_carousel&#8211;layout6.php&#8221; testimonial_item_l5=&#8221;%5B%7B%22title%22%3A%22Ezgi%20Ilgaz%22%2C%22content%22%3A%22Do%C4%9Fu%C5%9Ftan%20gelen%20burun%20e%C4%9Frili%C4%9Fini%20ortadan%20kald%C4%B1rmak%20i%C3%A7in%20Natural%20Hair%20Turkey%E2%80%99e%20ba%C5%9Fvurdum.%20Sevgili%20doktorum%20t%C3%BCm%20s%C3%BCre%C3%A7%20boyunca%20bana%20destek%20oldu.%20Ameliyattan%20sonra%20k%C4%B1sa%20bir%20s%C3%BCre%20i%C3%A7inde%20g%C3%BCnl%C3%BCk%20hayat%C4%B1ma%20d%C3%B6nd%C3%BCm.%20Estetik%20bir%20g%C3%B6r%C3%BCn%C3%BCm%20kazanmam%C4%B1n%20d%C4%B1%C5%9F%C4%B1nda%2C%20nefes%20alma%20problemim%20de%20ortadan%20kalkt%C4%B1.%20Te%C5%9Fekk%C3%BCrler.%20%22%2C%22image%22%3A%2211992%22%2C%22social_link%22%3A%22url%3A%2523%7C%7C%7C%22%7D%2C%7B%22title%22%3A%22Burcu%20I%C5%9F%C4%B1k%22%2C%22content%22%3A%22Hastanenin%20temizli%C4%9Finden%2C%20g%C3%B6sterilen%20ilgi%20alakadan%20ve%20ald%C4%B1%C4%9F%C4%B1m%20hizmetten%20%C3%A7ok%20memnunum.%20Do%C4%9Fal%20olarak%2C%20ilk%20etapta%20endi%C5%9Fe%20etsem%20de%2C%20yapt%C4%B1%C4%9F%C4%B1m%20se%C3%A7imden%20mutluyum.%20Doktor%20Royal%20ve%20ekibine%20de%20ayr%C4%B1ca%20te%C5%9Fekk%C3%BCr%20ederim.%20%22%2C%22image%22%3A%2211997%22%2C%22social_link%22%3A%22url%3A%2523%7C%7C%7C%22%7D%2C%7B%22title%22%3A%22Sercan%20%C3%96ner%22%2C%22content%22%3A%22Medikal%20ekip%20operasyon%20%C3%B6ncesinde%20beni%20detayl%C4%B1%20bir%20%C5%9Fekilde%20bilgilendirip%20nas%C4%B1l%20bir%20sonu%C3%A7la%20kar%C5%9F%C4%B1la%C5%9Faca%C4%9F%C4%B1m%C4%B1%20anlatt%C4%B1lar.%20%C4%B0%C5%9Flem%20s%C4%B1ras%C4%B1nda%20herhangi%20bir%20ac%C4%B1%20ve%20rahats%C4%B1zl%C4%B1k%20hissetmedim%2C%20sa%C3%A7%20ekimi%20tedavimi%20en%20profesyonel%20%C5%9Fekilde%20ald%C4%B1m.%20%C3%9Czerinden%20k%C4%B1sa%20bir%20s%C3%BCre%20ge%C3%A7mesine%20ra%C4%9Fmen%20sonu%C3%A7lar%C4%B1%20%C5%9Fimdiden%20g%C3%B6rmeye%20ba%C5%9Flad%C4%B1m.%20%22%2C%22image%22%3A%2212002%22%2C%22social_link%22%3A%22url%3A%2523%7C%7C%7C%22%7D%5D&#8221; col_xs=&#8221;1&#8243; col_sm=&#8221;1&#8243; col_md=&#8221;1&#8243; col_lg=&#8221;1&#8243; col_xl=&#8221;1&#8243; loop=&#8221;true&#8221; arrows=&#8221;true&#8221;][\/vc_column][\/vc_row][vc_row full_width=&#8221;stretch_row&#8221; content_placement=&#8221;middle&#8221; bg_image_position=&#8221;bg-image-ps-center&#8221; css=&#8221;.vc_custom_1746837509948{padding-top: 80px !important;padding-bottom: 115px !important;background-image: url(https:\/\/naturalhairturkey.com\/wp-content\/uploads\/2019\/09\/contact-bg.jpg?id=5111) !important;background-position: center !important;background-repeat: no-repeat !important;background-size: cover !important;}&#8221; el_id=&#8221;appionment&#8221;][vc_column css_animation=&#8221;fadeInLeft&#8221; width=&#8221;1\/2&#8243; ct_column_class=&#8221;rm-padding-lg&#8221; css=&#8221;.vc_custom_1746837499460{padding-top: 1px !important;padding-right: 30px !important;padding-left: 30px !important;background-color: #ffffff !important;border-radius: 20px !important;}&#8221;]<div class=\"wpforms-container wpforms-container-full wpforms-render-modern\" id=\"wpforms-18235\"><form id=\"wpforms-form-18235\" class=\"wpforms-validate wpforms-form wpforms-ajax-form\" data-formid=\"18235\" method=\"post\" enctype=\"multipart\/form-data\" action=\"\/tr\/wp-json\/wp\/v2\/pages\/12638\" data-token=\"1b6dd3f222d4c0c5b6f40a10a2e04e91\" data-token-time=\"1777437655\"><noscript class=\"wpforms-error-noscript\">Bu formu bitirebilmek i\u00e7in taray\u0131c\u0131n\u0131zda JavaScript&#039;i etkinle\u015ftirin.<\/noscript><div class=\"wpforms-hidden\" id=\"wpforms-error-noscript\">Bu formu bitirebilmek i\u00e7in taray\u0131c\u0131n\u0131zda JavaScript&#039;i etkinle\u015ftirin.<\/div><div class=\"wpforms-field-container\"><div id=\"wpforms-18235-field_9-container\" class=\"wpforms-field wpforms-field-html\" data-field-id=\"9\"><div id=\"wpforms-18235-field_9\" aria-errormessage=\"wpforms-18235-field_9-error\"><span style=\"display: block;\r\n    font-family: 'Poppins', sans-serif;\r\n    font-weight: bold;\r\n    font-size: 40px;\r\n    color: black;\r\n    line-height: 1.2;\r\n    text-align: left;\r\npadding-bottom: 10px;\">\u00dccretsiz Dan\u0131\u015fma<\/span>\r\n<span style=\"display: block;\r\n    font-family: 'Poppins', sans-serif;\r\n    font-weight: bold;\r\n    font-size: 18px;\r\n    color: #0072e0;\r\n    line-height: 1.2;\r\n    text-align: left;\r\npadding-bottom: 20px;\">\u0130htiyac\u0131n\u0131z oldu\u011funda buraday\u0131z.<\/span>\r\n<span style=\"display: block;\r\n    font-family: 'Muli', sans-serif;\r\n    font-size: 15px;\r\n    color: #707070;\r\n    line-height: 1.2;\r\n    text-align: left;\r\npadding-bottom: 20px;\">Bizimle ileti\u015fime ge\u00e7menizi bekliyoruz.<\/span><\/div><\/div><div id=\"wpforms-18235-field_1-container\" class=\"wpforms-field wpforms-field-name\" data-field-id=\"1\"><fieldset><legend class=\"wpforms-field-label\">Ad <span class=\"wpforms-required-label\" aria-hidden=\"true\">*<\/span><\/legend><div class=\"wpforms-field-row wpforms-field-large\"><div class=\"wpforms-field-row-block wpforms-first wpforms-one-half\"><input type=\"text\" id=\"wpforms-18235-field_1\" class=\"wpforms-field-name-first wpforms-field-required\" name=\"wpforms[fields][1][first]\" placeholder=\"Ad\u0131n\u0131z\" aria-errormessage=\"wpforms-18235-field_1-error\" required><label for=\"wpforms-18235-field_1\" class=\"wpforms-field-sublabel after wpforms-sublabel-hide\">First<\/label><\/div><div class=\"wpforms-field-row-block wpforms-one-half\"><input type=\"text\" id=\"wpforms-18235-field_1-last\" class=\"wpforms-field-name-last wpforms-field-required\" name=\"wpforms[fields][1][last]\" placeholder=\"Soyad\u0131n\u0131z\" aria-errormessage=\"wpforms-18235-field_1-last-error\" required><label for=\"wpforms-18235-field_1-last\" class=\"wpforms-field-sublabel after wpforms-sublabel-hide\">Last<\/label><\/div><\/div><\/fieldset><\/div><div id=\"wpforms-18235-field_6-container\" class=\"wpforms-field wpforms-field-phone\" data-field-id=\"6\"><label class=\"wpforms-field-label\" for=\"wpforms-18235-field_6\">Telefon <span class=\"wpforms-required-label\" aria-hidden=\"true\">*<\/span><\/label><input type=\"tel\" id=\"wpforms-18235-field_6\" class=\"wpforms-field-large wpforms-field-required wpforms-smart-phone-field\" data-rule-smart-phone-field=\"true\" name=\"wpforms[fields][6]\" aria-label=\"Telefon\" aria-errormessage=\"wpforms-18235-field_6-error\" required><\/div><div id=\"wpforms-18235-field_2-container\" class=\"wpforms-field wpforms-field-email\" data-field-id=\"2\"><label class=\"wpforms-field-label\" for=\"wpforms-18235-field_2\">Email <span class=\"wpforms-required-label\" aria-hidden=\"true\">*<\/span><\/label><input type=\"email\" id=\"wpforms-18235-field_2\" class=\"wpforms-field-large wpforms-field-required\" name=\"wpforms[fields][2]\" spellcheck=\"false\" aria-errormessage=\"wpforms-18235-field_2-error\" required><\/div><div id=\"wpforms-18235-field_3-container\" class=\"wpforms-field wpforms-field-textarea\" data-field-id=\"3\"><label class=\"wpforms-field-label\" for=\"wpforms-18235-field_3\">Yorum veya Mesaj<\/label><textarea id=\"wpforms-18235-field_3\" class=\"wpforms-field-medium\" name=\"wpforms[fields][3]\" aria-errormessage=\"wpforms-18235-field_3-error\" ><\/textarea><\/div><div id=\"wpforms-18235-field_12-container\" class=\"wpforms-field wpforms-field-hidden\" data-field-id=\"12\"><input type=\"hidden\" id=\"wpforms-18235-field_12\" name=\"wpforms[fields][12]\" value=\"https:\/\/naturalhairturkey.com\/tr\/wp-json\/wp\/v2\/pages\/12638\"><\/div><div id=\"wpforms-18235-field_13-container\" class=\"wpforms-field wpforms-field-hidden\" data-field-id=\"13\"><input type=\"hidden\" id=\"wpforms-18235-field_13\" name=\"wpforms[fields][13]\" value=\"216.73.216.31\"><\/div><div id=\"wpforms-18235-field_14-container\" class=\"wpforms-field wpforms-field-hidden\" data-field-id=\"14\"><input type=\"hidden\" id=\"wpforms-18235-field_14\" name=\"wpforms[fields][14]\"><\/div><div id=\"wpforms-18235-field_15-container\" class=\"wpforms-field wpforms-field-hidden\" data-field-id=\"15\"><input type=\"hidden\" id=\"wpforms-18235-field_15\" name=\"wpforms[fields][15]\" value=\"{entry_geolocation}\"><\/div><div id=\"wpforms-18235-field_16-container\" class=\"wpforms-field wpforms-field-hidden\" data-field-id=\"16\"><input type=\"hidden\" id=\"wpforms-18235-field_16\" name=\"wpforms[fields][16]\" value=\"{entry_user_journey}\"><\/div><\/div><!-- .wpforms-field-container --><div class=\"wpforms-recaptcha-container wpforms-is-turnstile\" ><div class=\"g-recaptcha\" data-sitekey=\"0x4AAAAAABgxklq5BcS1KrnR\" data-action=\"FormID-18235\"><\/div><input type=\"text\" name=\"g-recaptcha-hidden\" class=\"wpforms-recaptcha-hidden\" style=\"position:absolute!important;clip:rect(0,0,0,0)!important;height:1px!important;width:1px!important;border:0!important;overflow:hidden!important;padding:0!important;margin:0!important;\" data-rule-turnstile=\"1\"><\/div><div class=\"wpforms-submit-container\" ><input type=\"hidden\" name=\"wpforms[id]\" value=\"18235\"><input type=\"hidden\" name=\"page_title\" value=\"\"><input type=\"hidden\" name=\"page_url\" value=\"https:\/\/naturalhairturkey.com\/tr\/wp-json\/wp\/v2\/pages\/12638\"><button type=\"submit\" name=\"wpforms[submit]\" id=\"wpforms-submit-18235\" class=\"wpforms-submit\" data-alt-text=\"G\u00f6nderiliyor...\" data-submit-text=\"G\u00d6NDER\" aria-live=\"assertive\" value=\"wpforms-submit\">G\u00d6NDER<\/button><img loading=\"lazy\" decoding=\"async\" src=\"https:\/\/naturalhairturkey.com\/wp-content\/plugins\/wpforms\/assets\/images\/submit-spin.svg\" class=\"wpforms-submit-spinner\" style=\"display: none;\" width=\"26\" height=\"26\" alt=\"Y\u00fckleniyor\"><\/div><\/form><\/div>  <!-- .wpforms-container -->[\/vc_column][vc_column css_animation=&#8221;fadeInRight&#8221; width=&#8221;1\/2&#8243; ct_column_class=&#8221;rm-padding-lg&#8221; css=&#8221;.vc_custom_1559580492239{padding-top: 65px !important;padding-left: 65px !important;}&#8221;][ct_space space_lg=&#8221;0&#8243; space_md=&#8221;0&#8243; space_sm=&#8221;0&#8243; space_xs=&#8221;0&#8243;][ct_heading text=&#8221;Operasyon s\u00fcreci&#8221; font_weight=&#8221;&#8221; text_color=&#8221;#061490&#8243; description_font_weight=&#8221;inherit&#8221; margin_bottom=&#8221;40&#8243;][vc_column_text text_style=&#8221;text-block1&#8243; css=&#8221;.vc_custom_1585218122388{margin-bottom: 28px !important;}&#8221;]Kol germe operasyonu cerrahi bir i\u015flem oldu\u011fu i\u00e7in s\u00fcreci plastik cerrah ve ekibi y\u00f6netir.<\/p>\n<p>\u0130\u015flem, genel anestezi alt\u0131nda ger\u00e7ekle\u015ftirilir ve hasta operasyon boyunca uyur. Bu s\u0131rada, bir anestezi uzman\u0131 hastan\u0131n kalp at\u0131\u015f h\u0131z\u0131n\u0131, kan bas\u0131nc\u0131n\u0131 ve di\u011fer hayati belirtilerini izler; gerekir ise, olas\u0131 bir enfeksiyonu \u00f6nlemek i\u00e7in antibiyotik takviyesinde bulunur.<\/p>\n<p>Bunun ard\u0131ndan cerrah, kolun arka veya i\u00e7 k\u0131sm\u0131nda, koltukalt\u0131ndan dirse\u011fe kadar uzanan bir kesi yapar ve fazla doku ile ya\u011f\u0131 al\u0131r. Bunu yaparken kolun d\u00fczg\u00fcn bir bi\u00e7imde \u015fekillendirilmesine \u00f6zen g\u00f6sterir ve son a\u015famada kesiyi kapat\u0131r. Ayr\u0131ca, bu s\u00fcre\u00e7te, insizyon alt\u0131nda s\u0131v\u0131 birikmesini \u00f6nlemek i\u00e7in dren ad\u0131 verilen bir t\u00fcp yerle\u015ftirilebilir. Dren operasyondan 1 \u2013 2 g\u00fcn sonra \u00e7\u0131kar\u0131l\u0131r.<\/p>\n<p>Bunlara ek olarak, operasyon s\u0131ras\u0131nda gerekli g\u00f6r\u00fcl\u00fcr ise cerrah ba\u015fka bir v\u00fccut \u015fekillendirmesi i\u015flemi de yapabilir.[\/vc_column_text][\/vc_column][\/vc_row][vc_row full_width=&#8221;stretch_row&#8221; content_placement=&#8221;middle&#8221; bg_image_position=&#8221;bg-image-ps-center&#8221; css=&#8221;.vc_custom_1566381102052{padding-top: 50px !important;padding-bottom: 115px !important;background-image: url(http:\/\/naturalhairturkey.com\/wp-content\/uploads\/2019\/08\/back-2.jpg?id=2655) !important;background-position: center !important;background-repeat: no-repeat !important;background-size: cover !important;}&#8221;][vc_column css_animation=&#8221;fadeInLeft&#8221; width=&#8221;1\/6&#8243; ct_column_class=&#8221;rm-padding-lg&#8221; css=&#8221;.vc_custom_1563964158402{padding-top: 35px !important;padding-right: 65px !important;}&#8221;][\/vc_column][vc_column width=&#8221;2\/3&#8243;][ct_space space_lg=&#8221;0&#8243; space_md=&#8221;0&#8243; space_sm=&#8221;0&#8243; space_xs=&#8221;0&#8243;][ct_heading text=&#8221;Operasyon Sonras\u0131&#8221; align_lg=&#8221;align-center&#8221; align_md=&#8221;align-center-md&#8221; align_sm=&#8221;align-center-sm&#8221; align_xs=&#8221;align-center-xs&#8221; font_weight=&#8221;&#8221; text_color=&#8221;#061490&#8243; description_font_weight=&#8221;inherit&#8221; margin_bottom=&#8221;40&#8243;][vc_column_text text_style=&#8221;text-block1&#8243; css=&#8221;.vc_custom_1585218307860{margin-bottom: 28px !important;}&#8221;]<\/p>\n<p style=\"text-align: center;\"><span style=\"color: #ffffff;\"><strong>Kol germe sonras\u0131 hastanede bir gece kalmak gerekebilir. Bununla beraber baz\u0131 operasyonlardan sonra doktorun onay\u0131 ile ayn\u0131 g\u00fcn eve gitmek de m\u00fcmk\u00fcnd\u00fcr.<\/strong><\/span><\/p>\n<p style=\"text-align: center;\"><span style=\"color: #ffffff;\"><strong>Operasyon s\u0131ras\u0131nda hastaya dren tak\u0131lm\u0131\u015f ise, ertesi g\u00fcn dren v\u00fccuttan al\u0131n\u0131r ve \u00e7e\u015fitli kontrollerin akabinde hasta eve d\u00f6nebilir. \u0130yile\u015fme s\u00fcrecinde, kol b\u00f6lgesinde k\u0131zar\u0131kl\u0131k, \u015fi\u015fme ve a\u011fr\u0131 g\u00f6r\u00fclebilir. Kol germe etkili bir i\u015flem oldu\u011fu i\u00e7in b\u00f6yle belirtilerin g\u00f6r\u00fclmesi olduk\u00e7a do\u011fald\u0131r ve \u00f6zellikle a\u011fr\u0131, re\u00e7ete edilen ila\u00e7lar ile kolayl\u0131kla kontrol alt\u0131na al\u0131nabilir. Bununla birlikte insizyon b\u00f6lgesinden \u00e7ok az s\u0131z\u0131nt\u0131 olmas\u0131 da s\u00fcrecin do\u011fal bir sonucudur.<\/strong><\/span><\/p>\n<p style=\"text-align: center;\"><span style=\"color: #ffffff;\"><strong>\u0130\u015flemin en g\u00fczel yan\u0131, sonu\u00e7lar\u0131n hemen g\u00f6r\u00fclebilmesidir. \u00dcstelik bu sonu\u00e7lar \u015fi\u015fli\u011fin de inmesi ile zaman i\u00e7inde daha iyi bir hale gelir.<\/strong><\/span><\/p>\n<p style=\"text-align: center;\"><span style=\"color: #ffffff;\"><strong>\u0130yile\u015fme s\u00fcrecinde hastalar\u0131n takip etmesi gereken kurallar ise \u015f\u00f6yledir:<\/strong><\/span><\/p>\n<ul>\n<li style=\"text-align: center;\"><span style=\"color: #ffffff;\"><strong>Re\u00e7ete edilmi\u015f ila\u00e7lar d\u00fczenli olarak kullan\u0131lmal\u0131d\u0131r.<\/strong><\/span><\/li>\n<li style=\"text-align: center;\"><span style=\"color: #ffffff;\"><strong>\u0130\u015flem g\u00f6rm\u00fc\u015f b\u00f6lgeye darbe al\u0131nmamal\u0131d\u0131r.<\/strong><\/span><\/li>\n<li style=\"text-align: center;\"><span style=\"color: #ffffff;\"><strong>Birka\u00e7 hafta boyunca araba kullan\u0131lmamal\u0131d\u0131r.<\/strong><\/span><\/li>\n<li style=\"text-align: center;\"><span style=\"color: #ffffff;\"><strong>En az 1 ay, a\u011f\u0131r aktivitelerden &amp; sporlardan uzak durulmal\u0131d\u0131r.<\/strong><\/span><\/li>\n<li style=\"text-align: center;\"><span style=\"color: #ffffff;\"><strong>Bol s\u0131v\u0131 t\u00fcketilmelidir.<\/strong><\/span><\/li>\n<li style=\"text-align: center;\"><span style=\"color: #ffffff;\"><strong>Dengeli bir beslenme program\u0131 takip edilmelidir.<\/strong><\/span><\/li>\n<li style=\"text-align: center;\"><span style=\"color: #ffffff;\"><strong>\u015eiddetli kanama, k\u0131zar\u0131kl\u0131k veya ate\u015f varsa sa\u011fl\u0131k merkezi ile ileti\u015fime ge\u00e7ilmelidir.<\/strong><\/span><\/li>\n<\/ul>\n<p>[\/vc_column_text][\/vc_column][vc_column width=&#8221;1\/6&#8243;][\/vc_column][\/vc_row][vc_row full_width=&#8221;stretch_row_content&#8221;][vc_column css=&#8221;.vc_custom_1546500938627{padding-top: 0px !important;padding-bottom: 8px !important;}&#8221;][vc_empty_space height=&#8221;60&#8243; css=&#8221;.vc_custom_1563973317836{padding-top: 43px !important;}&#8221;][vc_row_inner][vc_column_inner width=&#8221;1\/4&#8243;][\/vc_column_inner][vc_column_inner width=&#8221;1\/2&#8243; ct_column_inner_class=&#8221;rm-padding-lg&#8221; css=&#8221;.vc_custom_1545964623807{padding-top: 0px !important;padding-right: 30px !important;padding-bottom: 0px !important;padding-left: 30px !important;}&#8221;][ct_heading text=&#8221;S\u0131k\u00e7a Sorulan Sorular&#8221; align_lg=&#8221;align-center&#8221; align_md=&#8221;align-center-md&#8221; align_sm=&#8221;align-center-sm&#8221; align_xs=&#8221;align-center-xs&#8221; font_size_sm=&#8221;24&#8243; font_size_xs=&#8221;24&#8243; font_weight=&#8221;&#8221; description_font_weight=&#8221;inherit&#8221; margin_bottom=&#8221;0&#8243;][\/vc_column_inner][vc_column_inner width=&#8221;1\/4&#8243;][\/vc_column_inner][\/vc_row_inner][vc_empty_space height=&#8221;30&#8243; css=&#8221;.vc_custom_1563972759414{padding-top: 43px !important;}&#8221;][\/vc_column][\/vc_row][vc_row full_width=&#8221;stretch_row&#8221;][vc_column width=&#8221;1\/2&#8243; css=&#8221;.vc_custom_1560242216982{padding-top: 0px !important;}&#8221;][ct_accordion style=&#8221;outline&#8221; ct_accordion=&#8221;%5B%7B%22ac_title%22%3A%22Operasyon%20kol%20kaslar%C4%B1na%20zarar%20verir%20mi%3F%22%2C%22ac_content%22%3A%22%C4%B0%C5%9Flem%20s%C4%B1ras%C4%B1nda%2C%20kaslara%20herhangi%20bir%20cerrahi%20m%C3%BCdahale%20yap%C4%B1lmad%C4%B1%C4%9F%C4%B1ndan%2C%20kol%20kaslar%C4%B1%20zarar%20g%C3%B6rmez.%20%22%7D%2C%7B%22ac_title%22%3A%22Kol%20germe%20fiyat%C4%B1%20nedir%3F%20%22%2C%22ac_content%22%3A%22Fiyatlar%20ameliyat%C4%B1n%20detaylar%C4%B1na%2C%20hastaneye%20ve%20ameliyat%C4%B1%20yapacak%20cerraha%20g%C3%B6re%20de%C4%9Fi%C5%9Fir.%20Bu%20sebeple%20fiyat%2C%20ilk%20muayeneden%20sonra%20belirlenir.%20%22%7D%2C%7B%22ac_title%22%3A%22Operasyon%20tekrar%20ger%C3%A7ekle%C5%9Ftirilebilir%20mi%3F%22%2C%22ac_content%22%3A%22Evet%2C%20zaman%20i%C3%A7inde%20kolda%20tekrar%20sarkma%20meydana%20gelirse%20operasyon%20tekrarlanabilir.%22%7D%2C%7B%22ac_title%22%3A%22Kol%20germe%20sonras%C4%B1%20iz%20kal%C4%B1r%20m%C4%B1%3F%22%2C%22ac_content%22%3A%22Ameliyattan%20sonra%20hafif%20bir%20yara%20izi%20kalabilir%2C%20ancak%20bu%20iz%20zamanla%20kaybolur%20ve%20cilt%20do%C4%9Fal%20rengini%20al%C4%B1r.%20%22%7D%2C%7B%22ac_title%22%3A%22Ameliyat%20olmadan%20kol%20germe%20i%C5%9Flemi%20yapmak%20m%C3%BCmk%C3%BCn%20m%C3%BCd%C3%BCr%3F%22%2C%22ac_content%22%3A%22Kollardaki%20sarkma%20miktar%C4%B1%20az%20ise%2C%20ameliyats%C4%B1z%20bir%20bi%C3%A7imde%20bu%20sarkmalar%C4%B1%20ortadan%20kald%C4%B1rmak%20m%C3%BCmk%C3%BCnd%C3%BCr.%20Fakat%20sonu%C3%A7%20kol%20germe%20operasyonu%20ile%20elde%20edilen%20gibi%20olmaz.%20%22%7D%5D&#8221;][ct_space space_lg=&#8221;0&#8243; space_md=&#8221;0&#8243; space_sm=&#8221;0&#8243; space_xs=&#8221;60&#8243;][vc_empty_space height=&#8221;60&#8243; css=&#8221;.vc_custom_1563973317836{padding-top: 43px !important;}&#8221;][vc_empty_space height=&#8221;30&#8243; css=&#8221;.vc_custom_1563972759414{padding-top: 43px !important;}&#8221;][\/vc_column][vc_column width=&#8221;1\/2&#8243; css=&#8221;.vc_custom_1560242224871{padding-top: 0px !important;}&#8221;][ct_accordion style=&#8221;outline&#8221; ct_accordion=&#8221;%5B%7B%22ac_title%22%3A%22Operasyondan%20sonra%20ne%20zaman%20i%C5%9Fe%20d%C3%B6n%C3%BClebilir%3F%22%2C%22ac_content%22%3A%22Operasyondan%20yakla%C5%9F%C4%B1k%201%20hafta%20sonra%20i%C5%9F%20hayat%C4%B1na%20d%C3%B6nmek%20m%C3%BCmk%C3%BCnd%C3%BCr.%20%22%7D%2C%7B%22ac_title%22%3A%22Kol%20germe%20i%C3%A7in%20uygun%20ya%C5%9F%20nedir%3F%22%2C%22ac_content%22%3A%22Prosed%C3%BCr%2018%20ya%C5%9F%C4%B1ndan%20sonra%20herhangi%20bir%20ya%C5%9Fta%20yap%C4%B1labilir.%22%7D%2C%7B%22ac_title%22%3A%22Ameliyattan%20sonra%20seyahat%20edilebilir%20mi%3F%20%22%2C%22ac_content%22%3A%22Evet.%20Ameliyattan%20yakla%C5%9F%C4%B1k%202-3%20g%C3%BCn%20sonra%20seyahat%20etmek%20m%C3%BCmk%C3%BCnd%C3%BCr.%20%22%7D%2C%7B%22ac_title%22%3A%22Kol%20germe%20sonras%C4%B1%20antibiyotik%20kullanmak%20gerekir%20mi%3F%20%22%2C%22ac_content%22%3A%22Evet%2C%20operasyon%20sonras%C4%B1%20enfeksiyon%20olu%C5%9Fumunu%20%C3%B6nlemek%20i%C3%A7in%20antibiyotik%20kullanmak%20gerekir.%20%22%7D%2C%7B%22ac_title%22%3A%22Kilo%20verme%20s%C3%BCrecinde%20bu%20operasyon%20yap%C4%B1labilir%20mi%3F%22%2C%22ac_content%22%3A%22Hay%C4%B1r.%20En%20uygun%20olan%C4%B1%20kilo%20verme%20s%C3%BCreci%20bitene%20kadar%20beklemek%2C%20ard%C4%B1ndan%20i%C5%9Flemi%20yapt%C4%B1rmakt%C4%B1r.%22%7D%5D&#8221;][\/vc_column][\/vc_row][vc_row full_width=&#8221;stretch_row&#8221; css=&#8221;.vc_custom_1571043480754{background-image: url(https:\/\/naturalhairturkey.com\/wp-content\/uploads\/2019\/10\/related-2.jpg?id=7277) !important;background-position: 0 0 !important;background-repeat: no-repeat !important;}&#8221;][vc_column][ct_heading text=&#8221;Related Operations&#8221; align_lg=&#8221;align-center&#8221; align_md=&#8221;align-center-md&#8221; align_sm=&#8221;align-center-sm&#8221; align_xs=&#8221;align-center-xs&#8221; font_weight=&#8221;&#8221; text_color=&#8221;#ffffff&#8221; description_color=&#8221;#ffffff&#8221; description_font_weight=&#8221;400&#8243;][ct_services_carousel testimonial_item=&#8221;%5B%7B%22title%22%3A%22Kombine%20Estetik%20Ameliyat%22%2C%22icon%22%3A%225915%22%2C%22icon_hover%22%3A%225915%22%2C%22item_link%22%3A%22url%3Ahttps%253A%252F%252Fnaturalhairturkey.com%252Ftr%252Fkombine-estetik-ameliyat%252F%7Ctitle%3AKombine%2520Estetik%2520Ameliyat%7C%7C%22%7D%2C%7B%22title%22%3A%22Kol%20Liposuction%22%2C%22icon%22%3A%225960%22%2C%22item_link%22%3A%22url%3Ahttps%253A%252F%252Fnaturalhairturkey.com%252Ftr%252Fkol-liposuction%252F%7Ctitle%3AKol%2520Liposuction%7C%7C%22%7D%2C%7B%22title%22%3A%22Boyun%20Germe%22%2C%22icon%22%3A%225951%22%2C%22icon_hover%22%3A%225951%22%2C%22item_link%22%3A%22url%3Ahttps%253A%252F%252Fnaturalhairturkey.com%252Ftr%252Fboyun-germe%252F%7Ctitle%3ABoyun%2520Germe%7C%7C%22%7D%2C%7B%22title%22%3A%22Abdominoplasty%22%2C%22icon%22%3A%225939%22%2C%22icon_hover%22%3A%225939%22%2C%22item_link%22%3A%22url%3Ahttps%253A%252F%252Fnaturalhairturkey.com%252Fabdominoplasty%252F%7Ctitle%3AAbdominoplasty%7C%7C%22%7D%5D&#8221; col_xs=&#8221;1&#8243; col_sm=&#8221;1&#8243; col_md=&#8221;3&#8243; col_lg=&#8221;4&#8243; col_xl=&#8221;4&#8243; autoplay=&#8221;true&#8221; arrows=&#8221;true&#8221;][\/vc_column][\/vc_row]<\/p>\n<\/section>","protected":false},"excerpt":{"rendered":"<p>[vc_row full_width=&#8221;stretch_row&#8221; css=&#8221;.vc_custom_1563864306373{padding-bottom: 115px !important;}&#8221; el_id=&#8221;about&#8221;][vc_column width=&#8221;1\/2&#8243; css=&#8221;.vc_custom_1565031431125{padding-top: 0px !important;}&#8221;][vc_single_image image=&#8221;2376&#8243; img_size=&#8221;full&#8221; alignment=&#8221;center&#8221;][ct_heading text=&#8221;Kol Germe Operasyonu&#8221; align_lg=&#8221;align-center&#8221; align_md=&#8221;align-center-md&#8221; align_sm=&#8221;align-center-sm&#8221; align_xs=&#8221;align-center-xs&#8221; font_size_sm=&#8221;24&#8243; font_size_xs=&#8221;24&#8243; font_weight=&#8221;&#8221; subtitle_color=&#8221;#00ece9&#8243; description_font_weight=&#8221;inherit&#8221; margin_bottom=&#8221;0&#8243;][vc_column_text css=&#8221;.vc_custom_1585216795234{margin-top: 25px !important;margin-bottom: 0px !important;}&#8221; el_class=&#8221;text-block&#8221;]Kiloda de\u011fi\u015fiklik, ya\u015f alma ve genetik fakt\u00f6rler sebebiyle koldaki deri ciddi oranda sarkabilir. Maalesef ki bu sorun egzersizle ortadan kald\u0131r\u0131lamaz. Koldaki sarkman\u0131n ortadan kald\u0131r\u0131lmas\u0131&#8230;<\/p>\n","protected":false},"author":1,"featured_media":0,"parent":0,"menu_order":0,"comment_status":"open","ping_status":"closed","template":"","meta":{"footnotes":""},"class_list":["post-12638","page","type-page","status-publish","hentry"],"_links":{"self":[{"href":"https:\/\/naturalhairturkey.com\/tr\/wp-json\/wp\/v2\/pages\/12638","targetHints":{"allow":["GET"]}}],"collection":[{"href":"https:\/\/naturalhairturkey.com\/tr\/wp-json\/wp\/v2\/pages"}],"about":[{"href":"https:\/\/naturalhairturkey.com\/tr\/wp-json\/wp\/v2\/types\/page"}],"author":[{"embeddable":true,"href":"https:\/\/naturalhairturkey.com\/tr\/wp-json\/wp\/v2\/users\/1"}],"replies":[{"embeddable":true,"href":"https:\/\/naturalhairturkey.com\/tr\/wp-json\/wp\/v2\/comments?post=12638"}],"version-history":[{"count":6,"href":"https:\/\/naturalhairturkey.com\/tr\/wp-json\/wp\/v2\/pages\/12638\/revisions"}],"predecessor-version":[{"id":18637,"href":"https:\/\/naturalhairturkey.com\/tr\/wp-json\/wp\/v2\/pages\/12638\/revisions\/18637"}],"wp:attachment":[{"href":"https:\/\/naturalhairturkey.com\/tr\/wp-json\/wp\/v2\/media?parent=12638"}],"curies":[{"name":"wp","href":"https:\/\/api.w.org\/{rel}","templated":true}]}}