{"id":5376,"date":"2019-09-13T15:23:03","date_gmt":"2019-09-13T12:23:03","guid":{"rendered":"https:\/\/naturalhairturkey.com\/?page_id=5376"},"modified":"2025-05-09T17:54:11","modified_gmt":"2025-05-09T14:54:11","slug":"le-prp-facial","status":"publish","type":"page","link":"https:\/\/naturalhairturkey.com\/fr\/esthetiques\/esthetique-du-visage\/le-prp-facial\/","title":{"rendered":"Le PRP Facial"},"content":{"rendered":"<section class=\"wpb-content-wrapper\"><p>[vc_row full_width=&#8221;stretch_row&#8221; css=&#8221;.vc_custom_1563864306373{padding-bottom: 115px !important;}&#8221; el_id=&#8221;about&#8221;][vc_column width=&#8221;1\/2&#8243; css=&#8221;.vc_custom_1565031431125{padding-top: 0px !important;}&#8221;][vc_single_image image=&#8221;2893&#8243; img_size=&#8221;full&#8221; alignment=&#8221;center&#8221;][ct_heading text=&#8221;Le PRP Facial en Turquie&#8221; align_lg=&#8221;align-center&#8221; align_md=&#8221;align-center-md&#8221; align_sm=&#8221;align-center-sm&#8221; align_xs=&#8221;align-center-xs&#8221; font_size_sm=&#8221;24&#8243; font_size_xs=&#8221;24&#8243; font_weight=&#8221;&#8221; subtitle_color=&#8221;#00ece9&#8243; description_font_weight=&#8221;inherit&#8221; margin_bottom=&#8221;0&#8243;][vc_column_text css=&#8221;.vc_custom_1582971965604{margin-top: 25px !important;margin-bottom: 0px !important;}&#8221; el_class=&#8221;text-block&#8221;]Au cours de cette proc\u00e9dure, appel\u00e9e PRP c&#8217;est \u00e0 dire \u00ab plasma riche en plaquettes \u00bb, les plaquettes riches en plasma sont transf\u00e9r\u00e9es du corps vers le visage. Les plaquettes sont les cellules sanguines non color\u00e9es. Le plasma est le liquide qui contient les globules rouges et blancs.<\/p>\n<p>Dans le PRP facial, des \u00e9chantillons de sang sont pr\u00e9lev\u00e9s sur le patient, puis s\u00e9parent les plaquettes et le plasma des autres liquides. Apr\u00e8s cela, ces substances sont inject\u00e9es dans le visage. Gr\u00e2ce \u00e0 ce transfert, les cellules sont activ\u00e9es, ce qui permet \u00e0 la peau de se soigner elle-m\u00eame. De cette fa\u00e7on, la peau deviendra vitale et jeune.<\/p>\n<p>En absence de mat\u00e9riel externe dans cette proc\u00e9dure et en utilisant les plaquettes et le plasma de la patiente, cette proc\u00e9dure est devenue beaucoup plus recommand\u00e9e en raison de ses bons r\u00e9sultats. En outre, les r\u00e9sultats de la PRP faciale semblent plus rapides que ceux d\u2019autres op\u00e9rations. Le PRP facial peut \u00eatre effectu\u00e9 \u00e0 c\u00f4t\u00e9 d&#8217;autres op\u00e9rations esth\u00e9tiques.[\/vc_column_text][\/vc_column][vc_column width=&#8221;1\/2&#8243; ct_column_class=&#8221;rm-padding-lg&#8221; css=&#8221;.vc_custom_1565031425536{padding-top: 9px !important;padding-left: 83px !important;}&#8221;][ct_space space_lg=&#8221;0&#8243; space_md=&#8221;0&#8243; space_sm=&#8221;0&#8243; space_xs=&#8221;61&#8243;][ct_video_player cms_template=&#8221;ct_video_player&#8211;layout4.php&#8221; video_link=&#8221;url:https%3A%2F%2Fwww.youtube.com%2Fwatch%3Fv%3DSF4aHwxHtZ0|||&#8221; l4_intro1=&#8221;2894&#8243; l4_intro2=&#8221;2896&#8243; l4_box_icon=&#8221;2101&#8243; l4_box_text=&#8221;BestAwarded&#8221; animation=&#8221;fadeInUp&#8221;][\/vc_column][\/vc_row][vc_row full_width=&#8221;stretch_row&#8221; css=&#8221;.vc_custom_1569228573511{padding-top: 53px !important;padding-bottom: 53px !important;background-image: url(https:\/\/naturalhairturkey.com\/wp-content\/uploads\/2019\/07\/back-3.jpg?id=2203) !important;background-position: center !important;background-repeat: no-repeat !important;background-size: cover !important;}&#8221;][vc_column width=&#8221;7\/12&#8243; ct_column_class=&#8221;rm-padding-md&#8221; css=&#8221;.vc_custom_1565031479508{padding-top: 0px !important;padding-right: 20px !important;}&#8221;][vc_single_image image=&#8221;2897&#8243; img_size=&#8221;full&#8221; css=&#8221;.vc_custom_1566572677941{margin-bottom: 0px !important;}&#8221;][\/vc_column][vc_column width=&#8221;5\/12&#8243; ct_column_class=&#8221;rm-padding-md&#8221; css=&#8221;.vc_custom_1565031473700{padding-top: 0px !important;padding-left: 60px !important;}&#8221;][ct_space space_lg=&#8221;27&#8243; space_md=&#8221;27&#8243; space_sm=&#8221;0&#8243; space_xs=&#8221;30&#8243;][ct_heading text=&#8221;Quels sont les avantages du PRP facial?&#8221; font_size=&#8221;26&#8243; font_size_md=&#8221;26&#8243; font_size_sm=&#8221;26&#8243; font_size_xs=&#8221;26&#8243; font_weight=&#8221;700&#8243; description_font_weight=&#8221;inherit&#8221; margin_bottom=&#8221;23&#8243;][vc_column_text css=&#8221;.vc_custom_1582972116784{margin-bottom: 33px !important;}&#8221;]Le PRP facial, qui \u00e9limine les effets du vieillissement et rend le visage plus vital et plus jeune, aide \u00e0:<\/p>\n<ul>\n<li>Elimine les rides du visage.<\/li>\n<li>Rendre le visage pur en augmentant la production de collag\u00e8ne.<\/li>\n<li>R\u00e9duire les lignes de vieillissement.<\/li>\n<li>Soulevez la peau du visage en augmentant le nombre de plaquettes.<\/li>\n<li>Modifier les niveaux de couleur de peau.<\/li>\n<li>R\u00e9duire les ger\u00e7ures au visage.<\/li>\n<li>\u00c9liminer les taches noires sous les yeux et les zones endommag\u00e9es par le soleil.<\/li>\n<li>R\u00e9duisez les ecchymoses sur le visage, en particulier les ecchymoses de chirurgie.<\/li>\n<\/ul>\n<p>Selon l\u2019avis du m\u00e9decin, il est possible d\u2019injecter du visage en dehors du PRP afin d\u2019\u00e9liminer les rides. Les plaquettes et le plasma ne sont pas seulement utilis\u00e9s pour soigner la peau, il peut \u00e9galement \u00eatre utile de pr\u00e9venir la chute des cheveux et de traiter les articulations et les ligaments en champ orthop\u00e9dique. En outre, il peut acc\u00e9l\u00e9rer la r\u00e9cup\u00e9ration dans le corps et r\u00e9duire les infections. Par cons\u00e9quent, l&#8217;injection de PRP est une proc\u00e9dure d&#8217;assistance dans de nombreuses chirurgies en Turquie.[\/vc_column_text][\/vc_column][\/vc_row][vc_row full_width=&#8221;stretch_row&#8221; bg_image_position=&#8221;bg-image-ps-center&#8221; css=&#8221;.vc_custom_1568360156385{background-image: url(https:\/\/naturalhairturkey.com\/wp-content\/uploads\/2019\/09\/section-map.png?id=5109) !important;background-position: 0 0 !important;background-repeat: no-repeat !important;}&#8221;][vc_column css=&#8221;.vc_custom_1560962332018{padding-top: 107px !important;padding-bottom: 115px !important;}&#8221;][vc_row_inner css=&#8221;.vc_custom_1560995054666{padding-bottom: 93px !important;}&#8221;][vc_column_inner width=&#8221;1\/6&#8243; css=&#8221;.vc_custom_1560962299175{padding-top: 0px !important;}&#8221;][\/vc_column_inner][vc_column_inner width=&#8221;2\/3&#8243; ct_column_inner_class=&#8221;rm-padding-lg&#8221; css=&#8221;.vc_custom_1560997058955{padding-top: 0px !important;padding-right: 70px !important;padding-left: 70px !important;}&#8221;][ct_heading text=&#8221;Nous assurons la satisfaction des patients dans tous les types de traitements que nous effectuons&#8221; align_lg=&#8221;align-center&#8221; align_md=&#8221;align-center-md&#8221; align_sm=&#8221;align-center-sm&#8221; align_xs=&#8221;align-center-xs&#8221; font_size_sm=&#8221;24&#8243; font_size_xs=&#8221;24&#8243; font_weight=&#8221;&#8221; subtitle=&#8221;T\u00e9moignage&#8221; subtitle_color=&#8221;#00ece9&#8243; description_font_weight=&#8221;inherit&#8221; margin_bottom=&#8221;0&#8243;][\/vc_column_inner][vc_column_inner width=&#8221;1\/6&#8243; css=&#8221;.vc_custom_1560962320360{padding-top: 0px !important;}&#8221;][\/vc_column_inner][\/vc_row_inner][ct_testimonial_carousel cms_template=&#8221;ct_testimonial_carousel&#8211;layout6.php&#8221; testimonial_item_l5=&#8221;%5B%7B%22title%22%3A%22Mary%20Fathima%22%2C%22content%22%3A%22J&#8217;ai%20ador%C3%A9%20le%20professionnalisme%20des%20docteurs%20et%20des%20autres%20membres%20du%20personnel.%20Les%20m%C3%A9decins%20m&#8217;ont%20beaucoup%20aid%C3%A9%20%C3%A0%20rectifier%20ma%20situation%20et%20%C3%A0%20m&#8217;%C3%A9couter%20tr%C3%A8s%20attentivement.%20L&#8217;%C3%A9quipe%20ici%20est%20absolument%20incroyable.%20Un%20grand%20merci%20%C3%A0%20toute%20votre%20%C3%A9quipe%20pour%20son%20d%C3%A9vouement%2C%20son%20soutien%20et%20son%20humour.%20%20%22%2C%22image%22%3A%224025%22%2C%22social_link%22%3A%22url%3A%2523%7C%7C%7C%22%7D%2C%7B%22title%22%3A%22Helen%20Garcia%22%2C%22content%22%3A%22La%20meilleure%20exp%C3%A9rience%20de%20tous%20les%20temps%2C%20je%20dirais%20qu&#8217;ils%20savent%20exactement%20ce%20qu&#8217;ils%20font.%20Ils%20m&#8217;ont%20tout%20dit%20avant%20le%20traitement%20et%20j&#8217;aime%20beaucoup%20leurs%20soins%20et%20traitement.%20Vous%20vous%20sentirez%20comme%20chez%20vous%2C%20m%C3%AAme%20si%20vous%20les%20rencontrez%20pour%20la%20premi%C3%A8re%20fois.%20Merci%20pour%20tout.%22%2C%22image%22%3A%224049%22%2C%22social_link%22%3A%22url%3A%2523%7C%7C%7C%22%7D%2C%7B%22title%22%3A%22Garret%20D&#8217;silva%22%2C%22position%22%3A%22Manager%22%2C%22content%22%3A%22A%20partir%20du%20moment%20o%C3%B9%20j&#8217;ai%20atterri%20en%20Turquie%2C%20quelqu&#8217;un%20m&#8217;attendait%20pour%20me%20prendre%20%C3%A0%20l&#8217;h%C3%B4tel.%20Le%20personnel%20m%C3%A9dical%20%C3%A9tait%20absolument%20incroyable%2C%20tr%C3%A8s%20professionnel.%20Pas%20une%20seule%20fois%20je%20ne%20me%20suis%20senti%20mal%20%C3%A0%20l&#8217;aise%2C%20ils%20se%20sont%20assur%C3%A9s%20de%20manger%20et%20de%20me%20surveiller%20constamment.%22%2C%22image%22%3A%224037%22%2C%22social_link%22%3A%22url%3A%2523%7C%7C%7C%22%7D%5D&#8221; col_xs=&#8221;1&#8243; col_sm=&#8221;1&#8243; col_md=&#8221;1&#8243; col_lg=&#8221;1&#8243; col_xl=&#8221;1&#8243; loop=&#8221;true&#8221; arrows=&#8221;true&#8221;][\/vc_column][\/vc_row][vc_row full_width=&#8221;stretch_row&#8221; content_placement=&#8221;middle&#8221; bg_image_position=&#8221;bg-image-ps-center&#8221; css=&#8221;.vc_custom_1746802430675{padding-top: 50px !important;padding-bottom: 115px !important;background-image: url(https:\/\/naturalhairturkey.com\/wp-content\/uploads\/2019\/09\/contact-bg.jpg?id=5113) !important;background-position: center !important;background-repeat: no-repeat !important;background-size: cover !important;}&#8221; el_id=&#8221;appionment&#8221;][vc_column css_animation=&#8221;fadeInLeft&#8221; width=&#8221;1\/2&#8243; ct_column_class=&#8221;rm-padding-lg&#8221; css=&#8221;.vc_custom_1746802419035{padding-top: 1px !important;padding-right: 30px !important;padding-left: 30px !important;background-color: #ffffff !important;border-radius: 20px !important;}&#8221;]<div class=\"wpforms-container wpforms-container-full wpforms-render-modern\" id=\"wpforms-18249\"><form id=\"wpforms-form-18249\" class=\"wpforms-validate wpforms-form wpforms-ajax-form\" data-formid=\"18249\" method=\"post\" enctype=\"multipart\/form-data\" action=\"\/fr\/wp-json\/wp\/v2\/pages\/5376\" data-token=\"a20aedc4cf7d84cdda3c553cf6395168\" data-token-time=\"1777302635\"><noscript class=\"wpforms-error-noscript\">Veuillez activer JavaScript dans votre navigateur pour remplir ce formulaire.<\/noscript><div class=\"wpforms-hidden\" id=\"wpforms-error-noscript\">Veuillez activer JavaScript dans votre navigateur pour remplir ce formulaire.<\/div><div class=\"wpforms-field-container\"><div id=\"wpforms-18249-field_9-container\" class=\"wpforms-field wpforms-field-html\" data-field-id=\"9\"><div id=\"wpforms-18249-field_9\" aria-errormessage=\"wpforms-18249-field_9-error\"><span style=\"display: block;\r\n    font-family: 'Poppins', sans-serif;\r\n    font-weight: bold;\r\n    font-size: 40px;\r\n    color: black;\r\n    line-height: 1.2;\r\n    text-align: left;\r\npadding-bottom: 10px;\">Consultation Gratuite<\/span>\r\n<span style=\"display: block;\r\n    font-family: 'Poppins', sans-serif;\r\n    font-weight: bold;\r\n    font-size: 18px;\r\n    color: #0072e0;\r\n    line-height: 1.2;\r\n    text-align: left;\r\npadding-bottom: 20px;\">Vous pouvez nous contacter quand vous voulez<\/span>\r\n<span style=\"display: block;\r\n    font-family: 'Muli', sans-serif;\r\n    font-size: 15px;\r\n    color: #707070;\r\n    line-height: 1.2;\r\n    text-align: left;\r\npadding-bottom: 20px;\">Nous attendons que vous nous appeliez!<\/span><\/div><\/div><div id=\"wpforms-18249-field_1-container\" class=\"wpforms-field wpforms-field-name\" data-field-id=\"1\"><fieldset><legend class=\"wpforms-field-label\">NOM <span class=\"wpforms-required-label\" aria-hidden=\"true\">*<\/span><\/legend><div class=\"wpforms-field-row wpforms-field-large\"><div class=\"wpforms-field-row-block wpforms-first wpforms-one-half\"><input type=\"text\" id=\"wpforms-18249-field_1\" class=\"wpforms-field-name-first wpforms-field-required\" name=\"wpforms[fields][1][first]\" placeholder=\"Entrez votre nom\" aria-errormessage=\"wpforms-18249-field_1-error\" required><label for=\"wpforms-18249-field_1\" class=\"wpforms-field-sublabel after wpforms-sublabel-hide\">First<\/label><\/div><div class=\"wpforms-field-row-block wpforms-one-half\"><input type=\"text\" id=\"wpforms-18249-field_1-last\" class=\"wpforms-field-name-last wpforms-field-required\" name=\"wpforms[fields][1][last]\" placeholder=\"Entrez votre nom de famille\" aria-errormessage=\"wpforms-18249-field_1-last-error\" required><label for=\"wpforms-18249-field_1-last\" class=\"wpforms-field-sublabel after wpforms-sublabel-hide\">Last<\/label><\/div><\/div><\/fieldset><\/div><div id=\"wpforms-18249-field_6-container\" class=\"wpforms-field wpforms-field-phone\" data-field-id=\"6\"><label class=\"wpforms-field-label\" for=\"wpforms-18249-field_6\">T\u00c9L\u00c9PHONE <span class=\"wpforms-required-label\" aria-hidden=\"true\">*<\/span><\/label><input type=\"tel\" id=\"wpforms-18249-field_6\" class=\"wpforms-field-large wpforms-field-required wpforms-smart-phone-field\" data-rule-smart-phone-field=\"true\" name=\"wpforms[fields][6]\" aria-label=\"T\u00c9L\u00c9PHONE\" aria-errormessage=\"wpforms-18249-field_6-error\" required><\/div><div id=\"wpforms-18249-field_2-container\" class=\"wpforms-field wpforms-field-email\" data-field-id=\"2\"><label class=\"wpforms-field-label\" for=\"wpforms-18249-field_2\">E-MAIL <span class=\"wpforms-required-label\" aria-hidden=\"true\">*<\/span><\/label><input type=\"email\" id=\"wpforms-18249-field_2\" class=\"wpforms-field-large wpforms-field-required\" name=\"wpforms[fields][2]\" spellcheck=\"false\" aria-errormessage=\"wpforms-18249-field_2-error\" required><\/div><div id=\"wpforms-18249-field_3-container\" class=\"wpforms-field wpforms-field-textarea\" data-field-id=\"3\"><label class=\"wpforms-field-label\" for=\"wpforms-18249-field_3\">MESAGGE<\/label><textarea id=\"wpforms-18249-field_3\" class=\"wpforms-field-medium\" name=\"wpforms[fields][3]\" aria-errormessage=\"wpforms-18249-field_3-error\" ><\/textarea><\/div><div id=\"wpforms-18249-field_12-container\" class=\"wpforms-field wpforms-field-hidden\" data-field-id=\"12\"><input type=\"hidden\" id=\"wpforms-18249-field_12\" name=\"wpforms[fields][12]\" value=\"https:\/\/naturalhairturkey.com\/fr\/wp-json\/wp\/v2\/pages\/5376\"><\/div><div id=\"wpforms-18249-field_13-container\" class=\"wpforms-field wpforms-field-hidden\" data-field-id=\"13\"><input type=\"hidden\" id=\"wpforms-18249-field_13\" name=\"wpforms[fields][13]\" value=\"216.73.217.24\"><\/div><div id=\"wpforms-18249-field_14-container\" class=\"wpforms-field wpforms-field-hidden\" data-field-id=\"14\"><input type=\"hidden\" id=\"wpforms-18249-field_14\" name=\"wpforms[fields][14]\"><\/div><div id=\"wpforms-18249-field_15-container\" class=\"wpforms-field wpforms-field-hidden\" data-field-id=\"15\"><input type=\"hidden\" id=\"wpforms-18249-field_15\" name=\"wpforms[fields][15]\" value=\"{entry_geolocation}\"><\/div><div id=\"wpforms-18249-field_16-container\" class=\"wpforms-field wpforms-field-hidden\" data-field-id=\"16\"><input type=\"hidden\" id=\"wpforms-18249-field_16\" name=\"wpforms[fields][16]\" value=\"{entry_user_journey}\"><\/div><\/div><!-- .wpforms-field-container --><div class=\"wpforms-recaptcha-container wpforms-is-turnstile\" ><div class=\"g-recaptcha\" data-sitekey=\"0x4AAAAAABgxklq5BcS1KrnR\" data-action=\"FormID-18249\"><\/div><input type=\"text\" name=\"g-recaptcha-hidden\" class=\"wpforms-recaptcha-hidden\" style=\"position:absolute!important;clip:rect(0,0,0,0)!important;height:1px!important;width:1px!important;border:0!important;overflow:hidden!important;padding:0!important;margin:0!important;\" data-rule-turnstile=\"1\"><\/div><div class=\"wpforms-submit-container\" ><input type=\"hidden\" name=\"wpforms[id]\" value=\"18249\"><input type=\"hidden\" name=\"page_title\" value=\"\"><input type=\"hidden\" name=\"page_url\" value=\"https:\/\/naturalhairturkey.com\/fr\/wp-json\/wp\/v2\/pages\/5376\"><button type=\"submit\" name=\"wpforms[submit]\" id=\"wpforms-submit-18249\" class=\"wpforms-submit\" data-alt-text=\"ENVOYER\" data-submit-text=\"ENVOYER\" aria-live=\"assertive\" value=\"wpforms-submit\">ENVOYER<\/button><img loading=\"lazy\" decoding=\"async\" src=\"https:\/\/naturalhairturkey.com\/wp-content\/plugins\/wpforms\/assets\/images\/submit-spin.svg\" class=\"wpforms-submit-spinner\" style=\"display: none;\" width=\"26\" height=\"26\" alt=\"Chargement en cours\"><\/div><\/form><\/div>  <!-- .wpforms-container -->[\/vc_column][vc_column css_animation=&#8221;fadeInRight&#8221; width=&#8221;1\/2&#8243; ct_column_class=&#8221;rm-padding-lg&#8221; css=&#8221;.vc_custom_1559580492239{padding-top: 65px !important;padding-left: 65px !important;}&#8221;][ct_space space_lg=&#8221;0&#8243; space_md=&#8221;0&#8243; space_sm=&#8221;0&#8243; space_xs=&#8221;0&#8243;][ct_heading text=&#8221;Qui peut subir un PRP facial ?&#8221; font_weight=&#8221;&#8221; text_color=&#8221;#061490&#8243; description_font_weight=&#8221;inherit&#8221; margin_bottom=&#8221;40&#8243;][vc_column_text text_style=&#8221;text-block1&#8243; css=&#8221;.vc_custom_1582972189927{margin-bottom: 28px !important;}&#8221;]Les personnes qui n\u2019ont pas de probl\u00e8mes de sant\u00e9 g\u00e9n\u00e9raux susceptibles d\u2019affecter la proc\u00e9dure peuvent recevoir un PRP facial apr\u00e8s confirmation du m\u00e9decin.<\/p>\n<p>Il n&#8217;est pas pr\u00e9f\u00e9rable d&#8217;avoir un PRP facial pour les personnes qui ont:<\/p>\n<ul>\n<li>Toute maladie de sang.<\/li>\n<li>Si un membre de votre famille a un cancer.<\/li>\n<li>patients diab\u00e9tiques.<\/li>\n<li>Si votre visage est fortement endommag\u00e9 par le soleil.<\/li>\n<li>La femme enceinte et allaitante.<\/li>\n<li>Si vous avez de l&#8217;acn\u00e9 \u00e0 un niveau avanc\u00e9.<\/li>\n<li>Si vous utilisez des m\u00e9dicaments pour l&#8217;acn\u00e9.<\/li>\n<li>Si vous avez de la rosac\u00e9e ou de l&#8217;ecz\u00e9ma au visage.<\/li>\n<\/ul>\n<p>[\/vc_column_text][\/vc_column][\/vc_row][vc_row el_id=&#8221;about&#8221;][vc_column css=&#8221;.vc_custom_1556986285873{padding-top: 90px !important;padding-bottom: 115px !important;}&#8221;][vc_row_inner equal_height=&#8221;yes&#8221;][vc_column_inner width=&#8221;1\/2&#8243; ct_column_inner_class=&#8221;rm-padding-lg&#8221; css=&#8221;.vc_custom_1556355383048{padding-top: 0px !important;padding-left: 37px !important;}&#8221;][ct_space space_lg=&#8221;0&#8243; space_md=&#8221;0&#8243; space_sm=&#8221;0&#8243; space_xs=&#8221;40&#8243;][ct_heading text=&#8221;Avant le PRP facial&#8221; font_size_sm=&#8221;24&#8243; font_size_xs=&#8221;24&#8243; font_weight=&#8221;&#8221; description_font_weight=&#8221;inherit&#8221; margin_bottom=&#8221;24&#8243;][vc_column_text css=&#8221;.vc_custom_1582972471117{margin-bottom: 0px !important;}&#8221; el_class=&#8221;text-block&#8221;]Vous devez bien choisir le m\u00e9decin et l\u2019h\u00f4pital, comme pour d\u2019autres op\u00e9rations esth\u00e9tiques. Lors du choix d&#8217;un h\u00f4pital cosm\u00e9tique, il est important de v\u00e9rifier leurs r\u00e9sultats. \u00c9tant donn\u00e9 que l&#8217;exp\u00e9rience influe sur le taux de r\u00e9ussite de l&#8217;op\u00e9ration, il est pr\u00e9f\u00e9rable de choisir des h\u00f4pitaux dot\u00e9s de m\u00e9decins exp\u00e9riment\u00e9s. Dans ce domaine, la Turquie est un centre d\u2019op\u00e9rations cosm\u00e9tiques, car elle dispose de tous les autres services, tels que des programmes de tourisme m\u00e9dical, et des co\u00fbts appropri\u00e9s.<\/p>\n<p>Il est important de consid\u00e9rer ces points avant l&#8217;op\u00e9ration :<\/p>\n<ul>\n<li>Cesser d\u2019utiliser des transfusions sanguines telles que l\u2019aspirine.<\/li>\n<li>Vous devriez consommer de grandes quantit\u00e9s d&#8217;eau.<\/li>\n<li>Ne soyez pas expos\u00e9 au soleil plus que d&#8217;habitude.<\/li>\n<li>Ne pas faire de maquillage.<\/li>\n<li>Informez votre m\u00e9decin des m\u00e9dicaments que vous utilisez r\u00e9guli\u00e8rement.<\/li>\n<\/ul>\n<p><strong>Pendant le PRP facial en Turquie<\/strong><\/p>\n<p>Le m\u00e9decin va st\u00e9riliser et anesth\u00e9sier votre visage par anesth\u00e9sie locale. La proc\u00e9dure comporte deux \u00e9tapes: \u00e0 la premi\u00e8re \u00e9tape, votre m\u00e9decin pr\u00e9l\u00e8vera le sang, g\u00e9n\u00e9ralement du bras. Et puis, le sang est trait\u00e9 par la centrifugeuse. Apr\u00e8s cela, le sang sera transf\u00e9r\u00e9 sur le visage par une aiguille au deuxi\u00e8me stade. Cette proc\u00e9dure prend environ une heure.[\/vc_column_text][ct_space space_lg=&#8221;40&#8243; space_md=&#8221;40&#8243; space_sm=&#8221;40&#8243; space_xs=&#8221;40&#8243;][\/vc_column_inner][vc_column_inner width=&#8221;1\/2&#8243; ct_column_inner_class=&#8221;rm-padding-lg&#8221; css=&#8221;.vc_custom_1556355164625{padding-top: 0px !important;padding-right: 0px !important;}&#8221;][ct_single_image single_image=&#8221;2898&#8243;][\/vc_column_inner][\/vc_row_inner][vc_empty_space height=&#8221;0&#8243;][\/vc_column][\/vc_row][vc_row full_width=&#8221;stretch_row&#8221; content_placement=&#8221;middle&#8221; bg_image_position=&#8221;bg-image-ps-center&#8221; css=&#8221;.vc_custom_1569228585154{padding-top: 50px !important;padding-bottom: 115px !important;background-image: url(https:\/\/naturalhairturkey.com\/wp-content\/uploads\/2019\/08\/back-17.jpg?id=2690) !important;background-position: center !important;background-repeat: no-repeat !important;background-size: cover !important;}&#8221;][vc_column css_animation=&#8221;fadeInLeft&#8221; width=&#8221;1\/6&#8243; ct_column_class=&#8221;rm-padding-lg&#8221; css=&#8221;.vc_custom_1563964158402{padding-top: 35px !important;padding-right: 65px !important;}&#8221;][\/vc_column][vc_column width=&#8221;2\/3&#8243;][ct_space space_lg=&#8221;0&#8243; space_md=&#8221;0&#8243; space_sm=&#8221;0&#8243; space_xs=&#8221;0&#8243;][ct_heading text=&#8221;Apr\u00e8s le PRP Facial&#8221; align_lg=&#8221;align-center&#8221; align_md=&#8221;align-center-md&#8221; align_sm=&#8221;align-center-sm&#8221; align_xs=&#8221;align-center-xs&#8221; font_weight=&#8221;&#8221; text_color=&#8221;#061490&#8243; description_font_weight=&#8221;inherit&#8221; margin_bottom=&#8221;40&#8243;][vc_column_text text_style=&#8221;text-block1&#8243; css=&#8221;.vc_custom_1568377193096{margin-bottom: 28px !important;}&#8221;]<strong>Les r\u00e9sultats peuvent appara\u00eetre imm\u00e9diatement apr\u00e8s la proc\u00e9dure. Mais il faut quelques semaines pour voir les r\u00e9sultats finaux.<\/strong><\/p>\n<p><strong>Des rougeurs peuvent appara\u00eetre dans la peau apr\u00e8s la proc\u00e9dure. Celles-ci sont normales et faciles \u00e0 contr\u00f4ler avec des cr\u00e8mes. Comme les injections de PRP sont s\u00fbres par rapport aux autres op\u00e9rations, leurs effets secondaires sont tellement limit\u00e9s.<\/strong><\/p>\n<p><strong>La p\u00e9riode de r\u00e9cup\u00e9ration \u00e9tant courte et simple apr\u00e8s l&#8217;op\u00e9ration, il convient de prendre en compte certains \u00e9l\u00e9ments apr\u00e8s l&#8217;op\u00e9ration, tels que:<\/strong><\/p>\n<ul>\n<li><strong>N&#8217;exposez pas la zone trait\u00e9e \u00e0 l&#8217;eau pendant 48 heures apr\u00e8s l&#8217;op\u00e9ration.<\/strong><\/li>\n<li><strong>Prot\u00e9gez votre peau des rayons du soleil.<\/strong><\/li>\n<li><strong>Ne portez pas de maquillage 24 heures apr\u00e8s l&#8217;op\u00e9ration.<\/strong><\/li>\n<li><strong>Vous devriez demander \u00e0 votre m\u00e9decin avant d&#8217;utiliser des produits de soin de la peau, et ces produits doivent \u00eatre sans alcool.<\/strong><\/li>\n<li><strong>Ne faites aucune activit\u00e9 qui provoque la transpiration, car la transpiration peut affecter n\u00e9gativement l&#8217;op\u00e9ration.<\/strong><\/li>\n<\/ul>\n<p><strong>Il est possible de r\u00e9p\u00e9ter le traitement PRP facial en fonction des souhaits du patient et de la confirmation du m\u00e9decin.<\/strong>[\/vc_column_text][\/vc_column][vc_column width=&#8221;1\/6&#8243;][\/vc_column][\/vc_row][vc_row full_width=&#8221;stretch_row_content&#8221;][vc_column css=&#8221;.vc_custom_1546500938627{padding-top: 0px !important;padding-bottom: 8px !important;}&#8221;][vc_empty_space height=&#8221;60&#8243; css=&#8221;.vc_custom_1563973317836{padding-top: 43px !important;}&#8221;][vc_row_inner][vc_column_inner width=&#8221;1\/4&#8243;][\/vc_column_inner][vc_column_inner width=&#8221;1\/2&#8243; ct_column_inner_class=&#8221;rm-padding-lg&#8221; css=&#8221;.vc_custom_1545964623807{padding-top: 0px !important;padding-right: 30px !important;padding-bottom: 0px !important;padding-left: 30px !important;}&#8221;][ct_heading text=&#8221;Questions les plus courantes&#8221; align_lg=&#8221;align-center&#8221; align_md=&#8221;align-center-md&#8221; align_sm=&#8221;align-center-sm&#8221; align_xs=&#8221;align-center-xs&#8221; font_size_sm=&#8221;24&#8243; font_size_xs=&#8221;24&#8243; font_weight=&#8221;&#8221; description_font_weight=&#8221;inherit&#8221; margin_bottom=&#8221;0&#8243;][\/vc_column_inner][vc_column_inner width=&#8221;1\/4&#8243;][\/vc_column_inner][\/vc_row_inner][vc_empty_space height=&#8221;30&#8243; css=&#8221;.vc_custom_1563972759414{padding-top: 43px !important;}&#8221;][\/vc_column][\/vc_row][vc_row full_width=&#8221;stretch_row&#8221;][vc_column width=&#8221;1\/2&#8243; css=&#8221;.vc_custom_1560242216982{padding-top: 0px !important;}&#8221;][ct_accordion style=&#8221;outline&#8221; ct_accordion=&#8221;%5B%7B%22ac_title%22%3A%22Qu&#8217;est-ce%20que%20le%20PRP%20Facial%3F%22%2C%22ac_content%22%3A%22Dans%20le%20PRP%20facial%2C%20des%20%C3%A9chantillons%20de%20sang%20sont%20pr%C3%A9lev%C3%A9s%20sur%20le%20patient%2C%20les%20plaquettes%20et%20le%20plasma%20sont%20s%C3%A9par%C3%A9s%20des%20autres%20liquides.%20Et%20puis%20injecter%20le%20mat%C3%A9riel%20r%C3%A9sultant%20dans%20le%20visage.%20En%20raison%20de%20ce%20transfert%2C%20les%20cellules%20sont%20activ%C3%A9es%2C%20ce%20qui%20permet%20%C3%A0%20la%20peau%20de%20se%20soigner%20elle-m%C3%AAme.%20De%20cette%20fa%C3%A7on%2C%20la%20peau%20peut%20%C3%AAtre%20jeune%20et%20vitale.%22%7D%2C%7B%22ac_title%22%3A%22Quelle%20est%20la%20dur%C3%A9e%20de%20le%20PRP%20facial%3F%22%2C%22ac_content%22%3A%22Cela%20prend%20environ%20une%20heure%20en%20fonction%20du%20patient%20et%20de%20la%20zone%20trait%C3%A9e.%22%7D%2C%7B%22ac_title%22%3A%22Quand%20les%20r%C3%A9sultats%20de%20la%20PRP%20sur%20le%20visage%20commencent-ils%20%C3%A0%20appara%C3%AEtre%3F%22%2C%22ac_content%22%3A%22Les%20r%C3%A9sultats%20appara%C3%AEtront%20imm%C3%A9diatement%20apr%C3%A8s%20la%20proc%C3%A9dure.%22%7D%2C%7B%22ac_title%22%3A%22Les%20r%C3%A9sultats%20du%20PRP%20facial%20sont-ils%20permanents%3F%22%2C%22ac_content%22%3A%22Non%2C%20les%20r%C3%A9sultats%20ne%20sont%20pas%20permanents%2C%20ils%20durent%20g%C3%A9n%C3%A9ralement%20de%2018%20mois%20%C3%A0%20deux%20ans.%22%7D%2C%7B%22ac_title%22%3A%22Quel%20est%20le%20meilleur%20moment%20pour%20subir%20un%20PRP%20facial%20%3F%22%2C%22ac_content%22%3A%22Vous%20pouvez%20subir%20un%20PRP%20facial%20%C3%A0%20tout%20moment.%20Par%20cons%C3%A9quent%2C%20si%20vous%20en%20avez%20en%20%C3%A9t%C3%A9%20ou%20au%20printemps%2C%20vous%20devez%20prot%C3%A9ger%20votre%20peau%20du%20soleil%20pendant%20la%20p%C3%A9riode%20prescrite%20par%20votre%20m%C3%A9decin.%22%7D%5D&#8221;][ct_space space_lg=&#8221;0&#8243; space_md=&#8221;0&#8243; space_sm=&#8221;0&#8243; space_xs=&#8221;60&#8243;][vc_empty_space height=&#8221;60&#8243; css=&#8221;.vc_custom_1563973317836{padding-top: 43px !important;}&#8221;][vc_empty_space height=&#8221;30&#8243; css=&#8221;.vc_custom_1563972759414{padding-top: 43px !important;}&#8221;][\/vc_column][vc_column width=&#8221;1\/2&#8243; css=&#8221;.vc_custom_1560242224871{padding-top: 0px !important;}&#8221;][ct_accordion style=&#8221;outline&#8221; ct_accordion=&#8221;%5B%7B%22ac_title%22%3A%22Quel%20type%20d&#8217;anesth%C3%A9sie%20est%20utilis%C3%A9%20pour%20le%20PRP%20facial%20%3F%22%2C%22ac_content%22%3A%22Le%20PRP%20facial%20est%20g%C3%A9n%C3%A9ralement%20pratiqu%C3%A9%20sous%20anesth%C3%A9sie%20locale.%22%7D%2C%7B%22ac_title%22%3A%22Les%20femmes%20enceintes%20peuvent-elles%20subir%20un%20PPR%20facial%3F%22%2C%22ac_content%22%3A%22Non%2C%20il%20n&#8217;est%20pas%20recommand%C3%A9%20aux%20femmes%20enceintes.%22%7D%2C%7B%22ac_title%22%3A%22Quand%20puis-je%20revenir%20%C3%A0%20la%20vie%20normale%20apr%C3%A8s%20la%20proc%C3%A9dure%3F%22%2C%22ac_content%22%3A%22Vous%20pouvez%20imm%C3%A9diatement%20reprendre%20une%20vie%20normale%2C%20mais%20vous%20devez%20prot%C3%A9ger%20la%20zone%20trait%C3%A9e%20du%20soleil.%22%7D%2C%7B%22ac_title%22%3A%22Est-il%20possible%20de%20porter%20du%20maquillage%20apr%C3%A8s%20la%20proc%C3%A9dure%3F%22%2C%22ac_content%22%3A%22Vous%20ne%20devriez%20pas%20porter%20de%20maquillage%20pendant%2024%20heures%20apr%C3%A8s%20la%20proc%C3%A9dure.%22%7D%2C%7B%22ac_title%22%3A%22Est-il%20possible%20de%20r%C3%A9p%C3%A9ter%20le%20PRP%20facial%3F%22%2C%22ac_content%22%3A%22Si%20n%C3%A9cessaire%2C%20vous%20pouvez%20r%C3%A9p%C3%A9ter%20la%20proc%C3%A9dure%2C%20mais%20il%20doit%20parfois%20y%20avoir%20un%20intervalle%20entre%20les%20deux.%22%7D%5D&#8221;][\/vc_column][\/vc_row][vc_row full_width=&#8221;stretch_row&#8221; css=&#8221;.vc_custom_1571043480754{background-image: url(https:\/\/naturalhairturkey.com\/wp-content\/uploads\/2019\/10\/related-2.jpg?id=7277) !important;background-position: 0 0 !important;background-repeat: no-repeat !important;}&#8221;][vc_column][ct_heading text=&#8221;Op\u00e9rations Connexes&#8221; align_lg=&#8221;align-center&#8221; align_md=&#8221;align-center-md&#8221; align_sm=&#8221;align-center-sm&#8221; align_xs=&#8221;align-center-xs&#8221; font_weight=&#8221;&#8221; text_color=&#8221;#ffffff&#8221; description_color=&#8221;#ffffff&#8221; description_font_weight=&#8221;400&#8243;][ct_services_carousel testimonial_item=&#8221;%5B%7B%22title%22%3A%22Chirurgie%20Plastique%20Combin%C3%A9e%22%2C%22icon%22%3A%225915%22%2C%22icon_hover%22%3A%225915%22%2C%22item_link%22%3A%22url%3Ahttps%253A%252F%252Fnaturalhairturkey.com%252Ffr%252Fchirurgie-plastique-combinee%252F%7Ctitle%3AChirurgie%2520Plastique%2520Combin%25C3%25A9e%7C%7C%22%7D%2C%7B%22title%22%3A%22Op%C3%A9ration%20de%20lifting%20%20du%20visage%22%2C%22icon%22%3A%227404%22%2C%22icon_hover%22%3A%227404%22%2C%22item_link%22%3A%22url%3Ahttps%253A%252F%252Fnaturalhairturkey.com%252Ffr%252Foperation-de-lifting-du-visage%252F%7Ctitle%3AOp%25C3%25A9ration%2520de%2520lifting%2520%2520du%2520visage%7C%7C%22%7D%2C%7B%22title%22%3A%22Lifting%20du%20front%22%2C%22icon%22%3A%225885%22%2C%22icon_hover%22%3A%225885%22%2C%22item_link%22%3A%22url%3Ahttps%253A%252F%252Fnaturalhairturkey.com%252Ffr%252Flifting-du-front%252F%7Ctitle%3ALifting%2520du%2520front%7C%7C%22%7D%2C%7B%22title%22%3A%22l&#8217;injection%20de%20graisse%20au%20visage%22%2C%22icon%22%3A%225898%22%2C%22icon_hover%22%3A%225898%22%2C%22item_link%22%3A%22url%3Ahttps%253A%252F%252Fnaturalhairturkey.com%252Ffr%252Flinjection-de-graisse-au-visage%252F%7Ctitle%3Al&#8217;injection%2520de%2520graisse%2520au%2520visage%7C%7C%22%7D%5D&#8221; col_xs=&#8221;1&#8243; col_sm=&#8221;1&#8243; col_md=&#8221;3&#8243; col_lg=&#8221;4&#8243; col_xl=&#8221;4&#8243; autoplay=&#8221;true&#8221; arrows=&#8221;true&#8221;][\/vc_column][\/vc_row]<\/p>\n<\/section>","protected":false},"excerpt":{"rendered":"<p>[vc_row full_width=&#8221;stretch_row&#8221; css=&#8221;.vc_custom_1563864306373{padding-bottom: 115px !important;}&#8221; el_id=&#8221;about&#8221;][vc_column width=&#8221;1\/2&#8243; css=&#8221;.vc_custom_1565031431125{padding-top: 0px !important;}&#8221;][vc_single_image image=&#8221;2893&#8243; img_size=&#8221;full&#8221; alignment=&#8221;center&#8221;][ct_heading text=&#8221;Le PRP Facial en Turquie&#8221; align_lg=&#8221;align-center&#8221; align_md=&#8221;align-center-md&#8221; align_sm=&#8221;align-center-sm&#8221; align_xs=&#8221;align-center-xs&#8221; font_size_sm=&#8221;24&#8243; font_size_xs=&#8221;24&#8243; font_weight=&#8221;&#8221; subtitle_color=&#8221;#00ece9&#8243; description_font_weight=&#8221;inherit&#8221; margin_bottom=&#8221;0&#8243;][vc_column_text css=&#8221;.vc_custom_1582971965604{margin-top: 25px !important;margin-bottom: 0px !important;}&#8221; el_class=&#8221;text-block&#8221;]Au cours de cette proc\u00e9dure, appel\u00e9e PRP c&#8217;est \u00e0 dire \u00ab plasma riche en plaquettes \u00bb, les plaquettes riches en plasma sont&#8230;<\/p>\n","protected":false},"author":1,"featured_media":0,"parent":18154,"menu_order":0,"comment_status":"open","ping_status":"closed","template":"","meta":{"footnotes":""},"class_list":["post-5376","page","type-page","status-publish","hentry"],"_links":{"self":[{"href":"https:\/\/naturalhairturkey.com\/fr\/wp-json\/wp\/v2\/pages\/5376","targetHints":{"allow":["GET"]}}],"collection":[{"href":"https:\/\/naturalhairturkey.com\/fr\/wp-json\/wp\/v2\/pages"}],"about":[{"href":"https:\/\/naturalhairturkey.com\/fr\/wp-json\/wp\/v2\/types\/page"}],"author":[{"embeddable":true,"href":"https:\/\/naturalhairturkey.com\/fr\/wp-json\/wp\/v2\/users\/1"}],"replies":[{"embeddable":true,"href":"https:\/\/naturalhairturkey.com\/fr\/wp-json\/wp\/v2\/comments?post=5376"}],"version-history":[{"count":6,"href":"https:\/\/naturalhairturkey.com\/fr\/wp-json\/wp\/v2\/pages\/5376\/revisions"}],"predecessor-version":[{"id":18568,"href":"https:\/\/naturalhairturkey.com\/fr\/wp-json\/wp\/v2\/pages\/5376\/revisions\/18568"}],"up":[{"embeddable":true,"href":"https:\/\/naturalhairturkey.com\/fr\/wp-json\/wp\/v2\/pages\/18154"}],"wp:attachment":[{"href":"https:\/\/naturalhairturkey.com\/fr\/wp-json\/wp\/v2\/media?parent=5376"}],"curies":[{"name":"wp","href":"https:\/\/api.w.org\/{rel}","templated":true}]}}