{"id":3663,"date":"2019-09-02T13:21:30","date_gmt":"2019-09-02T10:21:30","guid":{"rendered":"http:\/\/naturalhairturkey.com\/?page_id=3663"},"modified":"2025-05-10T01:19:49","modified_gmt":"2025-05-09T22:19:49","slug":"elevacion-frontal","status":"publish","type":"page","link":"https:\/\/naturalhairturkey.com\/es\/estetica\/estetica-facial\/elevacion-frontal\/","title":{"rendered":"Elevaci\u00f3n Frontal"},"content":{"rendered":"<section class=\"wpb-content-wrapper\"><p>[vc_row full_width=&#8221;stretch_row&#8221; css=&#8221;.vc_custom_1563864306373{padding-bottom: 115px !important;}&#8221; el_id=&#8221;about&#8221;][vc_column width=&#8221;1\/2&#8243; css=&#8221;.vc_custom_1565031431125{padding-top: 0px !important;}&#8221;][vc_single_image image=&#8221;2493&#8243; img_size=&#8221;full&#8221; alignment=&#8221;center&#8221;][ct_heading text=&#8221;Elevaci\u00f3n Frontal&#8221; align_lg=&#8221;align-center&#8221; align_md=&#8221;align-center-md&#8221; align_sm=&#8221;align-center-sm&#8221; align_xs=&#8221;align-center-xs&#8221; font_size_sm=&#8221;24&#8243; font_size_xs=&#8221;24&#8243; font_weight=&#8221;&#8221; subtitle_color=&#8221;#00ece9&#8243; description_font_weight=&#8221;inherit&#8221; margin_bottom=&#8221;0&#8243;][vc_column_text css=&#8221;.vc_custom_1567419423323{margin-top: 25px !important;margin-bottom: 0px !important;}&#8221; el_class=&#8221;text-block&#8221;]La frente es una parte importante de la cara, con la edad, que muestra signos de envejecimiento, como arrugas y cejas ca\u00eddas. La operaci\u00f3n est\u00e9tica de la frente (estiramiento frontal o elevaci\u00f3n de las cejas) se realiza generalmente en pacientes mayores de 40 a\u00f1os. Sin embargo, la evaluaci\u00f3n de la condici\u00f3n por un cirujano pl\u00e1stico experimentado juega un papel importante.<\/p>\n<p>El proceso de estiramiento facial mejora la forma de la cara y levanta las cejas ca\u00eddas al eliminar el exceso de tejido, ajustar los m\u00fasculos y reafirmar la piel. Las personas que sufren enfermedades gen\u00e9ticas como: frente o arrugas peque\u00f1as o anchas por encima de la nariz obtienen una apariencia hermosa y uniforme con el proceso.<\/p>\n<p>El resultado final de la cirug\u00eda depende en gran medida de la calidad de la piel y de la experiencia del cirujano est\u00e9tico. Los resultados continuos tambi\u00e9n dependen de otras marcas de envejecimiento.[\/vc_column_text][\/vc_column][vc_column width=&#8221;1\/2&#8243; ct_column_class=&#8221;rm-padding-lg&#8221; css=&#8221;.vc_custom_1565031425536{padding-top: 9px !important;padding-left: 83px !important;}&#8221;][ct_space space_lg=&#8221;0&#8243; space_md=&#8221;0&#8243; space_sm=&#8221;0&#8243; space_xs=&#8221;61&#8243;][ct_video_player cms_template=&#8221;ct_video_player&#8211;layout4.php&#8221; video_link=&#8221;url:https%3A%2F%2Fwww.youtube.com%2Fwatch%3Fv%3DGN1HVCivPCw|||&#8221; l4_intro1=&#8221;2494&#8243; l4_intro2=&#8221;2495&#8243; l4_box_icon=&#8221;2101&#8243; l4_box_text=&#8221;BestAwarded&#8221; animation=&#8221;fadeInUp&#8221;][\/vc_column][\/vc_row][vc_row full_width=&#8221;stretch_row&#8221; css=&#8221;.vc_custom_1565031543755{padding-top: 53px !important;padding-bottom: 53px !important;background-image: url(http:\/\/naturalhairturkey.com\/wp-content\/uploads\/2019\/07\/back-3.jpg?id=2203) !important;background-position: center !important;background-repeat: no-repeat !important;background-size: cover !important;}&#8221;][vc_column width=&#8221;7\/12&#8243; ct_column_class=&#8221;rm-padding-md&#8221; css=&#8221;.vc_custom_1565031479508{padding-top: 0px !important;padding-right: 20px !important;}&#8221;][vc_single_image image=&#8221;2497&#8243; img_size=&#8221;full&#8221; css=&#8221;.vc_custom_1566200053395{margin-bottom: 0px !important;}&#8221;][\/vc_column][vc_column width=&#8221;5\/12&#8243; ct_column_class=&#8221;rm-padding-md&#8221; css=&#8221;.vc_custom_1565031473700{padding-top: 0px !important;padding-left: 60px !important;}&#8221;][ct_space space_lg=&#8221;27&#8243; space_md=&#8221;27&#8243; space_sm=&#8221;0&#8243; space_xs=&#8221;30&#8243;][ct_heading text=&#8221;\u00bfCu\u00e1ndo se debe realizar una intervenci\u00f3n?&#8221; font_size=&#8221;26&#8243; font_size_md=&#8221;26&#8243; font_size_sm=&#8221;26&#8243; font_size_xs=&#8221;26&#8243; font_weight=&#8221;700&#8243; description_font_weight=&#8221;inherit&#8221; margin_bottom=&#8221;23&#8243;][vc_column_text css=&#8221;.vc_custom_1567419477854{margin-bottom: 33px !important;}&#8221;]Este proceso a menudo se realiza en personas de cuarenta y sesenta a\u00f1os para enmascarar los efectos del envejecimiento. Tambi\u00e9n puede ayudar a las personas con enfermedades hereditarias, como arrugas en la nariz o cejas ca\u00eddas. En los j\u00f3venes, las cejas bajas que dan la cara pueden ser &#8220;tristes&#8221;. El proceso tambi\u00e9n se puede realizar en personas cuyas cejas son demasiado bajas para afectar su visi\u00f3n.<\/p>\n<p>Cualquier persona con una o m\u00e1s de las siguientes causas puede realizar un lifting frontal:<\/p>\n<ul>\n<li>Arrugas entre los ojos.<\/li>\n<li>Arrugas horizontales en la parte delantera.<\/li>\n<li>Deja caer las cejas.<\/li>\n<li>Tela colgada en la parte exterior de los p\u00e1rpados.<\/li>\n<\/ul>\n<p>[\/vc_column_text][\/vc_column][\/vc_row][vc_row el_id=&#8221;about&#8221; css=&#8221;.vc_custom_1559583170400{padding-top: 0px !important;}&#8221;][vc_column css=&#8221;.vc_custom_1566397466714{padding-top: 50px !important;}&#8221; offset=&#8221;vc_hidden-xs&#8221;][vc_empty_space height=&#8221;0&#8243; css=&#8221;.vc_custom_1559062200989{padding-top: 43px !important;}&#8221;][ct_tab][ct_tab_section icon_image=&#8221;2498&#8243; icon_image_hover=&#8221;2498&#8243; title=&#8221;Riesgos de tensi\u00f3n frontal.&#8221;][vc_row_inner][vc_column_inner width=&#8221;1\/2&#8243; css=&#8221;.vc_custom_1559062970867{padding-top: 0px !important;}&#8221;][ct_space space_lg=&#8221;60&#8243; space_md=&#8221;60&#8243; space_sm=&#8221;60&#8243; space_xs=&#8221;0&#8243;][vc_single_image image=&#8221;2501&#8243; img_size=&#8221;full&#8221; alignment=&#8221;center&#8221; css_animation=&#8221;fadeInLeft&#8221; style=&#8221;shadow-style2&#8243;][\/vc_column_inner][vc_column_inner width=&#8221;1\/2&#8243; ct_column_inner_class=&#8221;rm-padding-lg&#8221; animation_column=&#8221;fadeInRight&#8221; css=&#8221;.vc_custom_1559062965524{padding-top: 0px !important;padding-right: 40px !important;}&#8221;][vc_column_text css_animation=&#8221;none&#8221; css=&#8221;.vc_custom_1567419517555{margin-top: 21px !important;margin-bottom: 30px !important;}&#8221;]Los riesgos de la anestesia y la cirug\u00eda en general son:<\/p>\n<ul>\n<li>Reacci\u00f3n negativa contra algunos medicamentos.<\/li>\n<li>Problemas respiratorios.<\/li>\n<\/ul>\n<p><strong>Los riesgos de la cirug\u00eda de elevaci\u00f3n frontal incluyen:<\/strong><\/p>\n<ul>\n<li>Puede ser necesario drenar quir\u00fargicamente el hematoma.<\/li>\n<li>Lesiones que no sanan bien.<\/li>\n<li>Entumecimiento u otros cambios en la sensaci\u00f3n de la piel.<\/li>\n<\/ul>\n<p>[\/vc_column_text][\/vc_column_inner][\/vc_row_inner][\/ct_tab_section][ct_tab_section icon_image=&#8221;2499&#8243; icon_image_hover=&#8221;2499&#8243; title=&#8221;Antes De La Intervenci\u00f3n&#8221;][vc_row_inner][vc_column_inner width=&#8221;1\/2&#8243; css=&#8221;.vc_custom_1559062970867{padding-top: 0px !important;}&#8221;][ct_space space_lg=&#8221;60&#8243; space_md=&#8221;60&#8243; space_sm=&#8221;60&#8243; space_xs=&#8221;0&#8243;][vc_single_image image=&#8221;2502&#8243; img_size=&#8221;full&#8221; alignment=&#8221;center&#8221; css_animation=&#8221;fadeInLeft&#8221; style=&#8221;shadow-style2&#8243;][\/vc_column_inner][vc_column_inner width=&#8221;1\/2&#8243; ct_column_inner_class=&#8221;rm-padding-lg&#8221; animation_column=&#8221;fadeInRight&#8221; css=&#8221;.vc_custom_1559062965524{padding-top: 0px !important;padding-right: 40px !important;}&#8221;][vc_column_text css_animation=&#8221;none&#8221; css=&#8221;.vc_custom_1567419599188{margin-top: 21px !important;margin-bottom: 30px !important;}&#8221;]Antes de la operaci\u00f3n, el m\u00e9dico realizar\u00e1 todos los ex\u00e1menes f\u00edsicos y evaluaciones psicol\u00f3gicas. La forma deseada ser\u00e1 determinada de acuerdo a sus expectativas. No dudes en hacer preguntas. Aseg\u00farese de comprender las respuestas a sus preguntas. Debe comprender los preparativos antes de la operaci\u00f3n, el proceso en s\u00ed, el cuidado despu\u00e9s de la operaci\u00f3n.<\/p>\n<p>Una semana antes del procedimiento, se le puede pedir que deje de tomar Co\u00e1gulos de sangre. Estos medicamentos pueden causar sangrado durante la operaci\u00f3n incluyen aspirina, ibuprofeno (Advil, Motrin), naproxeno (si est\u00e1 tomando warfarina), apixaban, rivaroxaban o clopidogrel. Consulte a su cirujano antes de interrumpir o cambiar estas medicinas.<\/p>\n<p>Durante los pocos d\u00edas anteriores a la operaci\u00f3n:<\/p>\n<ul>\n<li>Conozca los medicamentos que puede seguir tomando hasta el d\u00eda de la operaci\u00f3n.<\/li>\n<li>Siempre informe a su m\u00e9dico si tiene un resfriado, gripe, fiebre o cualquier otra enfermedad antes del procedimiento.<\/li>\n<\/ul>\n<p>El d\u00eda de la operaci\u00f3n:<\/p>\n<p>Es posible que le pidan que no coma ni beba nada despu\u00e9s de la medianoche anterior a la cirug\u00eda. Esto incluye goma de mascar y menta. L\u00e1vese la boca con agua si est\u00e1 seca. Tenga cuidado de no tragar. Tome la medicina que le piden que tome con un sorbo de agua. Aseg\u00farese de seguir cualquier otra instrucci\u00f3n de su m\u00e9dico.[\/vc_column_text][\/vc_column_inner][\/vc_row_inner][\/ct_tab_section][ct_tab_section icon_image=&#8221;2500&#8243; icon_image_hover=&#8221;2500&#8243; title=&#8221;Durante la cirug\u00eda de elevaci\u00f3n de la frente.&#8221;][vc_row_inner][vc_column_inner width=&#8221;1\/2&#8243; css=&#8221;.vc_custom_1559062970867{padding-top: 0px !important;}&#8221;][ct_space space_lg=&#8221;60&#8243; space_md=&#8221;60&#8243; space_sm=&#8221;60&#8243; space_xs=&#8221;0&#8243;][vc_single_image image=&#8221;2503&#8243; img_size=&#8221;full&#8221; alignment=&#8221;center&#8221; css_animation=&#8221;fadeInLeft&#8221; style=&#8221;shadow-style2&#8243;][\/vc_column_inner][vc_column_inner width=&#8221;1\/2&#8243; ct_column_inner_class=&#8221;rm-padding-lg&#8221; animation_column=&#8221;fadeInRight&#8221; css=&#8221;.vc_custom_1559062965524{padding-top: 0px !important;padding-right: 40px !important;}&#8221;][vc_column_text css_animation=&#8221;none&#8221; css=&#8221;.vc_custom_1567419685813{margin-top: 21px !important;margin-bottom: 30px !important;}&#8221;]Durante el proceso, el exceso de piel se retira y se pone r\u00edgido, y los m\u00fasculos se ajustan para enmascarar los signos del envejecimiento, como cejas claras, pliegues de los p\u00e1rpados y arrugas horizontales en la parte frontal. El procedimiento puede realizarse solo o con otros procedimientos como el estiramiento facial, los p\u00e1rpados o la rinoplastia. Por lo general, el paciente sale el mismo d\u00eda de la operaci\u00f3n y no se queda en el hospital.<\/p>\n<p>Durante el proceso, estar\u00e1 despierto, pero se someter\u00e1 a un anest\u00e9sico local para no sentir el dolor. Tambi\u00e9n puede obtener medicamentos analg\u00e9sicos. En casos especiales, se utiliza anestesia general. Durante la cirug\u00eda:<\/p>\n<ul>\n<li>El pelo ser\u00e1 removido del \u00e1rea de operaci\u00f3n. Es posible que sea necesario cortar el cabello frente a la l\u00ednea del frente, pero una gran parte del cabello no se rasuran.El cirujano har\u00e1 una incisi\u00f3n en el o\u00eddo. Esta hendidura pasar\u00e1 por la parte superior de la frente cuando la l\u00ednea del cabello no sea demasiado alta.<\/li>\n<li>Si es calvo, el cirujano puede hacer una incisi\u00f3n en el centro del cuero cabelludo para evitar cicatrices visibles.<\/li>\n<li>Despu\u00e9s de eliminar el exceso de tejido, piel y m\u00fasculo, el cirujano cierra la incisi\u00f3n con suturas o clavos. Antes de colocar los vendajes, se lavar\u00e1 el cabello y la cara para que no se irrite la piel del cuero cabelludo.<\/li>\n<\/ul>\n<p>[\/vc_column_text][\/vc_column_inner][\/vc_row_inner][\/ct_tab_section][\/ct_tab][\/vc_column][\/vc_row][vc_row][vc_column offset=&#8221;vc_hidden-lg vc_hidden-md vc_hidden-sm&#8221;][vc_empty_space][vc_tta_tabs active_section=&#8221;1&#8243; style=&#8221;radio&#8221;][vc_tta_section i_icon_fontawesome=&#8221;fa fa-share&#8221; add_icon=&#8221;true&#8221; title=&#8221;Riesgos de tensi\u00f3n frontal.&#8221; tab_id=&#8221;1565940193636-6544f4cd-a68f8f65-1de6&#8243;][vc_column_text]Los riesgos de la anestesia y la cirug\u00eda en general son:<\/p>\n<ul>\n<li>Reacci\u00f3n negativa contra algunos medicamentos.<\/li>\n<li>Problemas respiratorios.<\/li>\n<\/ul>\n<p><strong>Los riesgos de la cirug\u00eda de elevaci\u00f3n frontal incluyen:<\/strong><\/p>\n<ul>\n<li>Puede ser necesario drenar quir\u00fargicamente el hematoma.<\/li>\n<li>Lesiones que no sanan bien.<\/li>\n<li>Entumecimiento u otros cambios en la sensaci\u00f3n de la piel.<\/li>\n<\/ul>\n<p>[\/vc_column_text][\/vc_tta_section][vc_tta_section i_icon_fontawesome=&#8221;fa fa-star&#8221; add_icon=&#8221;true&#8221; title=&#8221;Antes De La Intervenci\u00f3n&#8221; tab_id=&#8221;1565940193685-1e78247a-a0538f65-1de6&#8243;][vc_column_text]Antes de la operaci\u00f3n, el m\u00e9dico realizar\u00e1 todos los ex\u00e1menes f\u00edsicos y evaluaciones psicol\u00f3gicas. La forma deseada ser\u00e1 determinada de acuerdo a sus expectativas. No dudes en hacer preguntas. Aseg\u00farese de comprender las respuestas a sus preguntas. Debe comprender los preparativos antes de la operaci\u00f3n, el proceso en s\u00ed, el cuidado despu\u00e9s de la operaci\u00f3n.<\/p>\n<p>Una semana antes del procedimiento, se le puede pedir que deje de tomar Co\u00e1gulos de sangre. Estos medicamentos pueden causar sangrado durante la operaci\u00f3n incluyen aspirina, ibuprofeno (Advil, Motrin), naproxeno (si est\u00e1 tomando warfarina), apixaban, rivaroxaban o clopidogrel. Consulte a su cirujano antes de interrumpir o cambiar estas medicinas.<\/p>\n<p>Durante los pocos d\u00edas anteriores a la operaci\u00f3n:<\/p>\n<ul>\n<li>Conozca los medicamentos que puede seguir tomando hasta el d\u00eda de la operaci\u00f3n.<\/li>\n<li>Siempre informe a su m\u00e9dico si tiene un resfriado, gripe, fiebre o cualquier otra enfermedad antes del procedimiento.<\/li>\n<\/ul>\n<p>El d\u00eda de la operaci\u00f3n:<\/p>\n<p>Es posible que le pidan que no coma ni beba nada despu\u00e9s de la medianoche anterior a la cirug\u00eda. Esto incluye goma de mascar y menta. L\u00e1vese la boca con agua si est\u00e1 seca. Tenga cuidado de no tragar. Tome la medicina que le piden que tome con un sorbo de agua. Aseg\u00farese de seguir cualquier otra instrucci\u00f3n de su m\u00e9dico.[\/vc_column_text][\/vc_tta_section][vc_tta_section i_icon_fontawesome=&#8221;fa fa-info-circle&#8221; add_icon=&#8221;true&#8221; title=&#8221;Durante la cirug\u00eda de elevaci\u00f3n de la frente.&#8221; tab_id=&#8221;1566390646036-01228878-fbfe8f65-1de6&#8243;][vc_column_text]Durante el proceso, el exceso de piel se retira y se pone r\u00edgido, y los m\u00fasculos se ajustan para enmascarar los signos del envejecimiento, como cejas claras, pliegues de los p\u00e1rpados y arrugas horizontales en la parte frontal. El procedimiento puede realizarse solo o con otros procedimientos como el estiramiento facial, los p\u00e1rpados o la rinoplastia. Por lo general, el paciente sale el mismo d\u00eda de la operaci\u00f3n y no se queda en el hospital.<\/p>\n<p>Durante el proceso, estar\u00e1 despierto, pero se someter\u00e1 a un anest\u00e9sico local para no sentir el dolor. Tambi\u00e9n puede obtener medicamentos analg\u00e9sicos. En casos especiales, se utiliza anestesia general. Durante la cirug\u00eda:<\/p>\n<ul>\n<li>El pelo ser\u00e1 removido del \u00e1rea de operaci\u00f3n. Es posible que sea necesario cortar el cabello frente a la l\u00ednea del frente, pero una gran parte del cabello no se rasuran.El cirujano har\u00e1 una incisi\u00f3n en el o\u00eddo. Esta hendidura pasar\u00e1 por la parte superior de la frente cuando la l\u00ednea del cabello no sea demasiado alta.<\/li>\n<li>Si es calvo, el cirujano puede hacer una incisi\u00f3n en el centro del cuero cabelludo para evitar cicatrices visibles.<\/li>\n<li>Despu\u00e9s de eliminar el exceso de tejido, piel y m\u00fasculo, el cirujano cierra la incisi\u00f3n con suturas o clavos. Antes de colocar los vendajes, se lavar\u00e1 el cabello y la cara para que no se irrite la piel del cuero cabelludo.<\/li>\n<\/ul>\n<p>[\/vc_column_text][\/vc_tta_section][\/vc_tta_tabs][\/vc_column][\/vc_row][vc_row full_width=&#8221;stretch_row&#8221; bg_image_position=&#8221;bg-image-ps-center&#8221; css=&#8221;.vc_custom_1568289331965{background-image: url(https:\/\/naturalhairturkey.com\/wp-content\/uploads\/2019\/09\/section-map.png?id=5110) !important;background-position: 0 0 !important;background-repeat: no-repeat !important;}&#8221;][vc_column css=&#8221;.vc_custom_1560962332018{padding-top: 107px !important;padding-bottom: 115px !important;}&#8221;][vc_row_inner css=&#8221;.vc_custom_1560995054666{padding-bottom: 93px !important;}&#8221;][vc_column_inner width=&#8221;1\/6&#8243; css=&#8221;.vc_custom_1560962299175{padding-top: 0px !important;}&#8221;][\/vc_column_inner][vc_column_inner width=&#8221;2\/3&#8243; ct_column_inner_class=&#8221;rm-padding-lg&#8221; css=&#8221;.vc_custom_1560997058955{padding-top: 0px !important;padding-right: 70px !important;padding-left: 70px !important;}&#8221;][ct_heading text=&#8221;Aseguramos la satisfacci\u00f3n de los pacientes en<br \/>\ntodo tipo de tratamientos que realizamos.&#8221; align_lg=&#8221;align-center&#8221; align_md=&#8221;align-center-md&#8221; align_sm=&#8221;align-center-sm&#8221; align_xs=&#8221;align-center-xs&#8221; font_size_sm=&#8221;24&#8243; font_size_xs=&#8221;24&#8243; font_weight=&#8221;&#8221; subtitle=&#8221;Testimonial&#8221; subtitle_color=&#8221;#00ece9&#8243; description_font_weight=&#8221;inherit&#8221; margin_bottom=&#8221;0&#8243;][\/vc_column_inner][vc_column_inner width=&#8221;1\/6&#8243; css=&#8221;.vc_custom_1560962320360{padding-top: 0px !important;}&#8221;][\/vc_column_inner][\/vc_row_inner][ct_testimonial_carousel cms_template=&#8221;ct_testimonial_carousel&#8211;layout6.php&#8221; testimonial_item_l5=&#8221;%5B%7B%22title%22%3A%22Garret%20D&#8217;silva%22%2C%22content%22%3A%22Comenzando%20desde%20mi%20viaje%2C%20hasta%20mi%20traslado%20al%20aeropuerto%2C%20mi%20estad%C3%ADa%20en%20el%20hotel%20y%20la%20cirug%C3%ADa%20en%20s%C3%AD%2C%20todo%20se%20realiz%C3%B3%20en%20Natural%20Hair%20Turkey.%20Realmente%20saben%20c%C3%B3mo%20brindar%20atenci%C3%B3n%20m%C3%A9dica%20global%20a%20un%20precio%20asequible%20y%20de%20calidad.%20Muy%20contento%20con%20mis%20resultados.%22%2C%22image%22%3A%224035%22%2C%22social_link%22%3A%22url%3A%2523%7C%7C%7C%22%7D%2C%7B%22title%22%3A%22Kundan%20Mishra%22%2C%22content%22%3A%22Desde%20el%20momento%20en%20que%20aterric%C3%A9%20en%20Turqu%C3%ADa%2C%20hab%C3%ADa%20alguien%20esperando%20que%20me%20llevara%20al%20hotel.%20El%20personal%20m%C3%A9dico%20fue%20absolutamente%20incre%C3%ADble%2C%20muy%20profesional.%20Ni%20una%20sola%20vez%20me%20sent%C3%AD%20inc%C3%B3modo%2C%20se%20aseguraron%20de%20que%20comiera%20y%20me%20vigilaran%20constantemente.%22%2C%22image%22%3A%224016%22%2C%22social_link%22%3A%22url%3A%2523%7C%7C%7C%22%7D%2C%7B%22title%22%3A%22Helen%20Garcia%22%2C%22content%22%3A%22La%20mejor%20experiencia%20de%20mi%20vida%2C%20dir%C3%ADa%20que%20saben%20exactamente%20lo%20que%20est%C3%A1n%20haciendo.%20Me%20contaron%20todo%20antes%20del%20tratamiento%20y%20me%20gusta%20mucho%20su%20atenci%C3%B3n%20posterior%20al%20tratamiento.%20Sentir%C3%A1s%20que%20est%C3%A1s%20con%20tu%20propia%20gente%20a%20pesar%20de%20que%20te%20encuentres%20con%20ellos%20por%20primera%20vez.%20Gracias%20por%20todo.%22%2C%22image%22%3A%224047%22%2C%22social_link%22%3A%22url%3A%2523%7C%7C%7C%22%7D%5D&#8221; col_xs=&#8221;1&#8243; col_sm=&#8221;1&#8243; col_md=&#8221;1&#8243; col_lg=&#8221;1&#8243; col_xl=&#8221;1&#8243; loop=&#8221;true&#8221; arrows=&#8221;true&#8221;][\/vc_column][\/vc_row][vc_row full_width=&#8221;stretch_row&#8221; content_placement=&#8221;middle&#8221; bg_image_position=&#8221;bg-image-ps-center&#8221; css=&#8221;.vc_custom_1746829184617{padding-top: 80px !important;padding-bottom: 115px !important;background-image: url(https:\/\/naturalhairturkey.com\/wp-content\/uploads\/2019\/09\/contact-bg.jpg?id=5114) !important;background-position: center !important;background-repeat: no-repeat !important;background-size: cover !important;}&#8221; el_id=&#8221;appionment&#8221;][vc_column css_animation=&#8221;fadeInLeft&#8221; width=&#8221;1\/2&#8243; ct_column_class=&#8221;rm-padding-lg&#8221; css=&#8221;.vc_custom_1746829165913{padding-top: 1px !important;padding-right: 30px !important;padding-left: 30px !important;background-color: #ffffff !important;border-radius: 20px !important;}&#8221;]<div class=\"wpforms-container wpforms-container-full wpforms-render-modern\" id=\"wpforms-18241\"><form id=\"wpforms-form-18241\" class=\"wpforms-validate wpforms-form wpforms-ajax-form\" data-formid=\"18241\" method=\"post\" enctype=\"multipart\/form-data\" action=\"\/es\/wp-json\/wp\/v2\/pages\/3663\" data-token=\"e1a3c54f8151a376c1c69c812a33c5aa\" data-token-time=\"1777110577\"><noscript class=\"wpforms-error-noscript\">Por favor, activa JavaScript en tu navegador para completar este formulario.<\/noscript><div class=\"wpforms-hidden\" id=\"wpforms-error-noscript\">Por favor, activa JavaScript en tu navegador para completar este formulario.<\/div><div class=\"wpforms-field-container\"><div id=\"wpforms-18241-field_9-container\" class=\"wpforms-field wpforms-field-html\" data-field-id=\"9\"><div id=\"wpforms-18241-field_9\" aria-errormessage=\"wpforms-18241-field_9-error\"><span style=\"display: block;\r\n    font-family: 'Poppins', sans-serif;\r\n    font-weight: bold;\r\n    font-size: 40px;\r\n    color: black;\r\n    line-height: 1.2;\r\n    text-align: left;\r\npadding-bottom: 10px;\">Consulta Gratis<\/span>\r\n<span style=\"display: block;\r\n    font-family: 'Poppins', sans-serif;\r\n    font-weight: bold;\r\n    font-size: 18px;\r\n    color: #0072e0;\r\n    line-height: 1.2;\r\n    text-align: left;\r\npadding-bottom: 20px;\">Puede contactarnos cuando lo desee.<\/span>\r\n<span style=\"display: block;\r\n    font-family: 'Muli', sans-serif;\r\n    font-size: 15px;\r\n    color: #707070;\r\n    line-height: 1.2;\r\n    text-align: left;\r\npadding-bottom: 20px;\">\u00a1Estamos esperando que nos llames!<\/span><\/div><\/div><div id=\"wpforms-18241-field_1-container\" class=\"wpforms-field wpforms-field-name\" data-field-id=\"1\"><fieldset><legend class=\"wpforms-field-label\">NOMBRE <span class=\"wpforms-required-label\" aria-hidden=\"true\">*<\/span><\/legend><div class=\"wpforms-field-row wpforms-field-large\"><div class=\"wpforms-field-row-block wpforms-first wpforms-one-half\"><input type=\"text\" id=\"wpforms-18241-field_1\" class=\"wpforms-field-name-first wpforms-field-required\" name=\"wpforms[fields][1][first]\" placeholder=\"por favor, escriba su nombre...\" aria-errormessage=\"wpforms-18241-field_1-error\" required><label for=\"wpforms-18241-field_1\" class=\"wpforms-field-sublabel after wpforms-sublabel-hide\">First<\/label><\/div><div class=\"wpforms-field-row-block wpforms-one-half\"><input type=\"text\" id=\"wpforms-18241-field_1-last\" class=\"wpforms-field-name-last wpforms-field-required\" name=\"wpforms[fields][1][last]\" placeholder=\"Por favor escribe tu apellido...\" aria-errormessage=\"wpforms-18241-field_1-last-error\" required><label for=\"wpforms-18241-field_1-last\" class=\"wpforms-field-sublabel after wpforms-sublabel-hide\">Last<\/label><\/div><\/div><\/fieldset><\/div><div id=\"wpforms-18241-field_6-container\" class=\"wpforms-field wpforms-field-phone\" data-field-id=\"6\"><label class=\"wpforms-field-label\" for=\"wpforms-18241-field_6\">TEL\u00c9FONO <span class=\"wpforms-required-label\" aria-hidden=\"true\">*<\/span><\/label><input type=\"tel\" id=\"wpforms-18241-field_6\" class=\"wpforms-field-large wpforms-field-required wpforms-smart-phone-field\" data-rule-smart-phone-field=\"true\" name=\"wpforms[fields][6]\" aria-label=\"TEL\u00c9FONO\" aria-errormessage=\"wpforms-18241-field_6-error\" required><\/div><div id=\"wpforms-18241-field_2-container\" class=\"wpforms-field wpforms-field-email\" data-field-id=\"2\"><label class=\"wpforms-field-label\" for=\"wpforms-18241-field_2\">E-MAIL <span class=\"wpforms-required-label\" aria-hidden=\"true\">*<\/span><\/label><input type=\"email\" id=\"wpforms-18241-field_2\" class=\"wpforms-field-large wpforms-field-required\" name=\"wpforms[fields][2]\" spellcheck=\"false\" aria-errormessage=\"wpforms-18241-field_2-error\" required><\/div><div id=\"wpforms-18241-field_3-container\" class=\"wpforms-field wpforms-field-textarea\" data-field-id=\"3\"><label class=\"wpforms-field-label\" for=\"wpforms-18241-field_3\">MESANJE<\/label><textarea id=\"wpforms-18241-field_3\" class=\"wpforms-field-medium\" name=\"wpforms[fields][3]\" aria-errormessage=\"wpforms-18241-field_3-error\" ><\/textarea><\/div><div id=\"wpforms-18241-field_12-container\" class=\"wpforms-field wpforms-field-hidden\" data-field-id=\"12\"><input type=\"hidden\" id=\"wpforms-18241-field_12\" name=\"wpforms[fields][12]\" value=\"https:\/\/naturalhairturkey.com\/es\/wp-json\/wp\/v2\/pages\/3663\"><\/div><div id=\"wpforms-18241-field_13-container\" class=\"wpforms-field wpforms-field-hidden\" data-field-id=\"13\"><input type=\"hidden\" id=\"wpforms-18241-field_13\" name=\"wpforms[fields][13]\" value=\"216.73.217.14\"><\/div><div id=\"wpforms-18241-field_14-container\" class=\"wpforms-field wpforms-field-hidden\" data-field-id=\"14\"><input type=\"hidden\" id=\"wpforms-18241-field_14\" name=\"wpforms[fields][14]\"><\/div><div id=\"wpforms-18241-field_15-container\" class=\"wpforms-field wpforms-field-hidden\" data-field-id=\"15\"><input type=\"hidden\" id=\"wpforms-18241-field_15\" name=\"wpforms[fields][15]\" value=\"{entry_geolocation}\"><\/div><div id=\"wpforms-18241-field_16-container\" class=\"wpforms-field wpforms-field-hidden\" data-field-id=\"16\"><input type=\"hidden\" id=\"wpforms-18241-field_16\" name=\"wpforms[fields][16]\" value=\"{entry_user_journey}\"><\/div><\/div><!-- .wpforms-field-container --><div class=\"wpforms-recaptcha-container wpforms-is-turnstile\" ><div class=\"g-recaptcha\" data-sitekey=\"0x4AAAAAABgxklq5BcS1KrnR\" data-action=\"FormID-18241\"><\/div><input type=\"text\" name=\"g-recaptcha-hidden\" class=\"wpforms-recaptcha-hidden\" style=\"position:absolute!important;clip:rect(0,0,0,0)!important;height:1px!important;width:1px!important;border:0!important;overflow:hidden!important;padding:0!important;margin:0!important;\" data-rule-turnstile=\"1\"><\/div><div class=\"wpforms-submit-container\" ><input type=\"hidden\" name=\"wpforms[id]\" value=\"18241\"><input type=\"hidden\" name=\"page_title\" value=\"\"><input type=\"hidden\" name=\"page_url\" value=\"https:\/\/naturalhairturkey.com\/es\/wp-json\/wp\/v2\/pages\/3663\"><button type=\"submit\" name=\"wpforms[submit]\" id=\"wpforms-submit-18241\" class=\"wpforms-submit\" data-alt-text=\"ENVIAR\" data-submit-text=\"ENVIAR\" aria-live=\"assertive\" value=\"wpforms-submit\">ENVIAR<\/button><img loading=\"lazy\" decoding=\"async\" src=\"https:\/\/naturalhairturkey.com\/wp-content\/plugins\/wpforms\/assets\/images\/submit-spin.svg\" class=\"wpforms-submit-spinner\" style=\"display: none;\" width=\"26\" height=\"26\" alt=\"Cargando\"><\/div><\/form><\/div>  <!-- .wpforms-container -->[\/vc_column][vc_column css_animation=&#8221;fadeInRight&#8221; width=&#8221;1\/2&#8243; ct_column_class=&#8221;rm-padding-lg&#8221; css=&#8221;.vc_custom_1559580492239{padding-top: 65px !important;padding-left: 65px !important;}&#8221;][ct_space space_lg=&#8221;0&#8243; space_md=&#8221;0&#8243; space_sm=&#8221;0&#8243; space_xs=&#8221;0&#8243;][ct_heading text=&#8221;El D\u00eda de La Operaci\u00f3n:&#8221; font_weight=&#8221;&#8221; text_color=&#8221;#061490&#8243; description_font_weight=&#8221;inherit&#8221; margin_bottom=&#8221;40&#8243;][vc_column_text text_style=&#8221;text-block1&#8243; css=&#8221;.vc_custom_1570701325216{margin-bottom: 28px !important;}&#8221;]Es posible que le pidan que no coma ni beba nada despu\u00e9s de la medianoche anterior a la cirug\u00eda. Esto incluye goma de mascar y menta. L\u00e1vese la boca con agua si est\u00e1 seca. Tenga cuidado de no tragar.<\/p>\n<p>Tome la medicina que le piden que tome con un sorbo de agua.<\/p>\n<p>Aseg\u00farese de seguir cualquier otra instrucci\u00f3n de su m\u00e9dico.[\/vc_column_text][\/vc_column][\/vc_row][vc_row full_width=&#8221;stretch_row&#8221; content_placement=&#8221;middle&#8221; bg_image_position=&#8221;bg-image-ps-center&#8221; css=&#8221;.vc_custom_1566382676235{padding-top: 50px !important;padding-bottom: 115px !important;background-image: url(http:\/\/naturalhairturkey.com\/wp-content\/uploads\/2019\/08\/back-12.jpg?id=2679) !important;background-position: center !important;background-repeat: no-repeat !important;background-size: cover !important;}&#8221;][vc_column css_animation=&#8221;fadeInLeft&#8221; width=&#8221;1\/6&#8243; ct_column_class=&#8221;rm-padding-lg&#8221; css=&#8221;.vc_custom_1563964158402{padding-top: 35px !important;padding-right: 65px !important;}&#8221;][\/vc_column][vc_column width=&#8221;2\/3&#8243;][ct_space space_lg=&#8221;0&#8243; space_md=&#8221;0&#8243; space_sm=&#8221;0&#8243; space_xs=&#8221;0&#8243;][ct_heading text=&#8221;Despu\u00e9s De La Cirug\u00eda De Elevation De La Frente&#8221; align_lg=&#8221;align-center&#8221; align_md=&#8221;align-center-md&#8221; align_sm=&#8221;align-center-sm&#8221; align_xs=&#8221;align-center-xs&#8221; font_weight=&#8221;&#8221; text_color=&#8221;#061490&#8243; description_font_weight=&#8221;inherit&#8221; margin_bottom=&#8221;40&#8243;][vc_column_text text_style=&#8221;text-block1&#8243; css=&#8221;.vc_custom_1567419836766{margin-bottom: 28px !important;}&#8221;]<strong>El \u00e1rea est\u00e1 envuelta con una venda flexible para prevenir el sangrado y la hinchaz\u00f3n. Experimentar\u00e1 entumecimiento y molestias temporales en el lugar de la operaci\u00f3n, que pueden controlarse con analg\u00e9sicos.<\/strong><\/p>\n<p><strong>Mantenga su cabeza erguida durante 2 a 3 d\u00edas despu\u00e9s de la operaci\u00f3n para evitar la hinchaz\u00f3n. Aparecen hematomas e hinchaz\u00f3n alrededor de los ojos y las mejillas, pero comienzan a desaparecer despu\u00e9s de unos d\u00edas o una semana. A medida que los nervios crecen, se sentir\u00e1 entumecido en la parte delantera, en el cuero cabelludo, picaz\u00f3n o contracciones. Puede tomar hasta 6 meses para que este resentimiento desaparezca por completo. Los vendajes se retirar\u00e1n despu\u00e9s de uno o dos d\u00edas de operaci\u00f3n. Dentro de 10 a 14 d\u00edas, los puntos o alfileres se eliminar\u00e1n en dos etapas.<\/strong>[\/vc_column_text][\/vc_column][vc_column width=&#8221;1\/6&#8243;][\/vc_column][\/vc_row][vc_row full_width=&#8221;stretch_row_content&#8221;][vc_column css=&#8221;.vc_custom_1546500938627{padding-top: 0px !important;padding-bottom: 8px !important;}&#8221;][vc_empty_space height=&#8221;60&#8243; css=&#8221;.vc_custom_1563973317836{padding-top: 43px !important;}&#8221;][vc_row_inner][vc_column_inner width=&#8221;1\/4&#8243;][\/vc_column_inner][vc_column_inner width=&#8221;1\/2&#8243; ct_column_inner_class=&#8221;rm-padding-lg&#8221; css=&#8221;.vc_custom_1545964623807{padding-top: 0px !important;padding-right: 30px !important;padding-bottom: 0px !important;padding-left: 30px !important;}&#8221;][ct_heading text=&#8221;Preguntas Frecuentes&#8221; align_lg=&#8221;align-center&#8221; align_md=&#8221;align-center-md&#8221; align_sm=&#8221;align-center-sm&#8221; align_xs=&#8221;align-center-xs&#8221; font_size_sm=&#8221;24&#8243; font_size_xs=&#8221;24&#8243; font_weight=&#8221;&#8221; description_font_weight=&#8221;inherit&#8221; margin_bottom=&#8221;0&#8243;][\/vc_column_inner][vc_column_inner width=&#8221;1\/4&#8243;][\/vc_column_inner][\/vc_row_inner][vc_empty_space height=&#8221;30&#8243; css=&#8221;.vc_custom_1563972759414{padding-top: 43px !important;}&#8221;][\/vc_column][\/vc_row][vc_row full_width=&#8221;stretch_row&#8221;][vc_column width=&#8221;1\/2&#8243; css=&#8221;.vc_custom_1560242216982{padding-top: 0px !important;}&#8221;][ct_accordion style=&#8221;outline&#8221; ct_accordion=&#8221;%5B%7B%22ac_title%22%3A%22%C2%BFCambia%20la%20posici%C3%B3n%20de%20las%20cejas%20despu%C3%A9s%20de%20la%20cirug%C3%ADa%3F%22%2C%22ac_content%22%3A%22Las%20cejas%20se%20elevan%20ligeramente%22%7D%2C%7B%22ac_title%22%3A%22%C2%BFPuede%20darles%20forma%20a%20las%20cejas%3F%22%2C%22ac_content%22%3A%22S%C3%AD%2C%20las%20cejas%20pueden%20tener%20la%20forma%20que%20el%20paciente%20desea.%22%7D%2C%7B%22ac_title%22%3A%22%C2%BFCu%C3%A1ndo%20debo%20dejar%20de%20fumar%20antes%20de%20la%20cirug%C3%ADa%3F%22%2C%22ac_content%22%3A%22Deje%20de%20fumar%2010%20d%C3%ADas%20antes%20de%20la%20operaci%C3%B3n.%22%7D%2C%7B%22ac_title%22%3A%22%C2%BFHay%20una%20cicatriz%20despu%C3%A9s%20de%20la%20operaci%C3%B3n%3F%22%2C%22ac_content%22%3A%22No%2C%20porque%20las%20grietas%20se%20hacen%20en%20las%20%C3%A1reas%20te%C3%B1idas%20de%20la%20piel%2C%20incluso%20si%20hay%20las%20cicatrices%20no%20ser%C3%A1n%20obvias.%22%7D%2C%7B%22ac_title%22%3A%22%C2%BFSe%20pueden%20enmascarar%20las%20cicatrices%20en%20pacientes%20que%20no%20tienen%20cabello%3F%22%2C%22ac_content%22%3A%22La%20incisi%C3%B3n%20se%20puede%20mover%20a%20un%20lugar%20menos%20visible%22%7D%5D&#8221;][ct_space space_lg=&#8221;0&#8243; space_md=&#8221;0&#8243; space_sm=&#8221;0&#8243; space_xs=&#8221;60&#8243;][vc_empty_space height=&#8221;60&#8243; css=&#8221;.vc_custom_1563973317836{padding-top: 43px !important;}&#8221;][vc_empty_space height=&#8221;30&#8243; css=&#8221;.vc_custom_1563972759414{padding-top: 43px !important;}&#8221;][\/vc_column][vc_column width=&#8221;1\/2&#8243; css=&#8221;.vc_custom_1560242224871{padding-top: 0px !important;}&#8221;][ct_accordion style=&#8221;outline&#8221; ct_accordion=&#8221;%5B%7B%22ac_title%22%3A%22%C2%BFQu%C3%A9%20tipo%20de%20anestesia%20se%20aplica%20en%20el%20proceso%3F%22%2C%22ac_content%22%3A%22El%20procedimiento%20se%20realiza%20bajo%20anestesia%20local%20y%20hay%20analg%C3%A9sicos%20disponibles%20en%20caso%20de%20dolor.%20Pero%20en%20casos%20especiales%2C%20esto%20se%20puede%20hacer%20bajo%20anestesia%20general.%22%7D%2C%7B%22ac_title%22%3A%22%C2%BFCu%C3%A1ndo%20puedo%20practicar%20deportes%20despu%C3%A9s%20de%20la%20operaci%C3%B3n%3F%22%2C%22ac_content%22%3A%22Despu%C3%A9s%20de%20dos%20semanas.%22%7D%2C%7B%22ac_title%22%3A%22%C2%BFLas%20deformaciones%20frontales%20pueden%20ser%20corregidas%20por%20una%20elevaci%C3%B3n%20frontal%3F%22%2C%22ac_content%22%3A%22Si%2C%20algunas%20deformaciones%20se%20pueden%20corregir%20con%20esta%20intervenci%C3%B3n.%22%7D%2C%7B%22ac_title%22%3A%22%C2%BFA%20qu%C3%A9%20edad%20se%20puede%20realizar%20una%20elevaci%C3%B3n%20frontal%3F%20%22%2C%22ac_content%22%3A%22Este%20procedimiento%20generalmente%20se%20realiza%20en%20pacientes%20mayores%2C%20por%20lo%20que%20no%20hay%20problema%2C%20no%20importa%20la%20edad%20que%20tengan.%20Solo%20el%20paciente%20debe%20ser%20mayor%20de%2018%20a%C3%B1os.%22%7D%2C%7B%22ac_title%22%3A%22%C2%BFCu%C3%A1ndo%20podemos%20volver%20a%20trabajar%3F%22%2C%22ac_content%22%3A%22Despu%C3%A9s%20de%20unos%20d%C3%ADas%20puedes%20volver%20al%20trabajo.%22%7D%5D&#8221;][\/vc_column][\/vc_row][vc_row full_width=&#8221;stretch_row&#8221; css=&#8221;.vc_custom_1571043480754{background-image: url(https:\/\/naturalhairturkey.com\/wp-content\/uploads\/2019\/10\/related-2.jpg?id=7277) !important;background-position: 0 0 !important;background-repeat: no-repeat !important;}&#8221;][vc_column][ct_heading text=&#8221;Operaciones Relacionadas&#8221; align_lg=&#8221;align-center&#8221; align_md=&#8221;align-center-md&#8221; align_sm=&#8221;align-center-sm&#8221; align_xs=&#8221;align-center-xs&#8221; font_weight=&#8221;&#8221; text_color=&#8221;#ffffff&#8221; description_color=&#8221;#ffffff&#8221; description_font_weight=&#8221;400&#8243;][ct_services_carousel testimonial_item=&#8221;%5B%7B%22title%22%3A%22Cirug%C3%ADa%20Est%C3%A9tica%20Combinada%22%2C%22icon%22%3A%225915%22%2C%22icon_hover%22%3A%225915%22%2C%22item_link%22%3A%22url%3Ahttps%253A%252F%252Fnaturalhairturkey.com%252Fes%252Fcirugia-estetica-combinada%252F%7Ctitle%3ACirug%25C3%25ADa%2520Est%25C3%25A9tica%2520Combinada%7C%7C%22%7D%2C%7B%22title%22%3A%22Operaci%C3%B3n%20De%20Lifting%20Facial%22%2C%22icon%22%3A%227404%22%2C%22icon_hover%22%3A%227404%22%2C%22item_link%22%3A%22url%3Ahttps%253A%252F%252Fnaturalhairturkey.com%252Fes%252Foperacion-de-lifting-facial%252F%7Ctitle%3AOperaci%25C3%25B3n%2520De%2520Lifting%2520Facial%7C%7C%22%7D%2C%7B%22title%22%3A%22Inyecci%C3%B3n%20de%20grasa%20facial%22%2C%22icon%22%3A%225898%22%2C%22icon_hover%22%3A%225898%22%2C%22item_link%22%3A%22url%3Ahttps%253A%252F%252Fnaturalhairturkey.com%252Fes%252Finyeccion-de-grasa-facial%252F%7Ctitle%3AInyecci%25C3%25B3n%2520de%2520grasa%2520facial%7C%7C%22%7D%2C%7B%22title%22%3A%22Facial%20PRP%22%2C%22icon%22%3A%225902%22%2C%22icon_hover%22%3A%225902%22%2C%22item_link%22%3A%22url%3Ahttps%253A%252F%252Fnaturalhairturkey.com%252Fes%252Ffacial-prp%252F%7Ctitle%3AFacial%2520PRP%7C%7C%22%7D%5D&#8221; col_xs=&#8221;1&#8243; col_sm=&#8221;1&#8243; col_md=&#8221;3&#8243; col_lg=&#8221;4&#8243; col_xl=&#8221;4&#8243; autoplay=&#8221;true&#8221; arrows=&#8221;true&#8221;][\/vc_column][\/vc_row]<\/p>\n<\/section>","protected":false},"excerpt":{"rendered":"<p>[vc_row full_width=&#8221;stretch_row&#8221; css=&#8221;.vc_custom_1563864306373{padding-bottom: 115px !important;}&#8221; el_id=&#8221;about&#8221;][vc_column width=&#8221;1\/2&#8243; css=&#8221;.vc_custom_1565031431125{padding-top: 0px !important;}&#8221;][vc_single_image image=&#8221;2493&#8243; img_size=&#8221;full&#8221; alignment=&#8221;center&#8221;][ct_heading text=&#8221;Elevaci\u00f3n Frontal&#8221; align_lg=&#8221;align-center&#8221; align_md=&#8221;align-center-md&#8221; align_sm=&#8221;align-center-sm&#8221; align_xs=&#8221;align-center-xs&#8221; font_size_sm=&#8221;24&#8243; font_size_xs=&#8221;24&#8243; font_weight=&#8221;&#8221; subtitle_color=&#8221;#00ece9&#8243; description_font_weight=&#8221;inherit&#8221; margin_bottom=&#8221;0&#8243;][vc_column_text css=&#8221;.vc_custom_1567419423323{margin-top: 25px !important;margin-bottom: 0px !important;}&#8221; el_class=&#8221;text-block&#8221;]La frente es una parte importante de la cara, con la edad, que muestra signos de envejecimiento, como arrugas y cejas ca\u00eddas. La operaci\u00f3n est\u00e9tica&#8230;<\/p>\n","protected":false},"author":1,"featured_media":0,"parent":18142,"menu_order":0,"comment_status":"open","ping_status":"closed","template":"","meta":{"footnotes":""},"class_list":["post-3663","page","type-page","status-publish","hentry"],"_links":{"self":[{"href":"https:\/\/naturalhairturkey.com\/es\/wp-json\/wp\/v2\/pages\/3663","targetHints":{"allow":["GET"]}}],"collection":[{"href":"https:\/\/naturalhairturkey.com\/es\/wp-json\/wp\/v2\/pages"}],"about":[{"href":"https:\/\/naturalhairturkey.com\/es\/wp-json\/wp\/v2\/types\/page"}],"author":[{"embeddable":true,"href":"https:\/\/naturalhairturkey.com\/es\/wp-json\/wp\/v2\/users\/1"}],"replies":[{"embeddable":true,"href":"https:\/\/naturalhairturkey.com\/es\/wp-json\/wp\/v2\/comments?post=3663"}],"version-history":[{"count":4,"href":"https:\/\/naturalhairturkey.com\/es\/wp-json\/wp\/v2\/pages\/3663\/revisions"}],"predecessor-version":[{"id":18612,"href":"https:\/\/naturalhairturkey.com\/es\/wp-json\/wp\/v2\/pages\/3663\/revisions\/18612"}],"up":[{"embeddable":true,"href":"https:\/\/naturalhairturkey.com\/es\/wp-json\/wp\/v2\/pages\/18142"}],"wp:attachment":[{"href":"https:\/\/naturalhairturkey.com\/es\/wp-json\/wp\/v2\/media?parent=3663"}],"curies":[{"name":"wp","href":"https:\/\/api.w.org\/{rel}","templated":true}]}}